{"id":11470,"date":"2026-06-12T12:44:17","date_gmt":"2026-06-12T10:44:17","guid":{"rendered":"https:\/\/carnavallublin.eu\/wydarzenia\/julian-vogel-cie-unlisted-ceramic-circus-che-fra-2\/"},"modified":"2026-07-22T12:47:57","modified_gmt":"2026-07-22T10:47:57","slug":"julian-vogel-cie-unlisted-ceramic-circus-che-fra-2","status":"publish","type":"mec-events","link":"https:\/\/carnavallublin.eu\/en\/wydarzenia\/julian-vogel-cie-unlisted-ceramic-circus-che-fra-2\/","title":{"rendered":"Julian Vogel \/ Cie. unlisted | \u201cCeramic Circus\u201d (CHE\/FRA)"},"content":{"rendered":"<h2>About<\/h2>\n<p>Tension is in the air. Welcome to Ceramic Circus, where ceramics and circus meet\u2014a game with the risk of breakage. A poetic spectacle unfolds to the beat of a drumroll. A spinning ceramic ball in the center of the room, a bicycle that defies all expectations and plates that dance on fishing rods. Amidst this sensory overload, Julian Vogel creates calm. The unnoticed becomes monumental, fragility becomes strength. The tingle just before the clink, as ceramic shatters: Ceramic Circus makes the audience forget they had been expecting anything at all.<\/p>\n<p>Co-funded by <a href=\"https:\/\/prohelvetia.ch\/en\/\" target=\"_blank\" rel=\"noopener\"><strong>Pro Helvetia \u2013 Swiss Arts Council<\/strong><\/a>.<\/p>\n<p><a href=\"https:\/\/www.youtube.com\/watch?v=rrfYM1h9pHM\" target=\"_blank\" rel=\"noopener\"><strong>WATCH THE TRAILER<\/strong><\/a><\/p>\n<h2>Details<\/h2>\n<p><strong>July 25, 2026<\/strong> (Saturday), 20:00 | <a href=\"https:\/\/stage24.pl\/wydarzenia\/julian-vogel-centrum-spotkania-kultur-w-lublinie-8046\" target=\"_blank\" rel=\"noopener\"><strong>BUY TICKETS<\/strong><\/a><\/p>\n<p><strong>July 26, 2026<\/strong> (Sunday), 17:00 | <a href=\"https:\/\/stage24.pl\/wydarzenia\/julian-vogel-centrum-spotkania-kultur-w-lublinie-8047\" target=\"_blank\" rel=\"noopener\"><strong>BUY TICKETS<\/strong><\/a><\/p>\n<h2>Accessibility<\/h2>\n<p>Performance with audiodescription<\/p>\n<!-- default-view.php -->\n<div\n\tclass=\"ngg-galleryoverview default-view \"\n\tid=\"ngg-gallery-790734871cd457f9198f05cc4e32ebe9-1\">\n\n\t\t<!-- Thumbnails -->\n\t\t\t\t<div id=\"ngg-image-0\" class=\"ngg-gallery-thumbnail-box \" >\n\t\t\t\t        <div class=\"ngg-gallery-thumbnail\">\n            <a href=\"https:\/\/carnavallublin.eu\/wp-content\/gallery\/ceramic-circus\/Ceramic-Circus-4-Jona-Harnischmacher.jpg\"\n               title=\"\"\n               data-src=\"https:\/\/carnavallublin.eu\/wp-content\/gallery\/ceramic-circus\/Ceramic-Circus-4-Jona-Harnischmacher.jpg\"\n               data-thumbnail=\"https:\/\/carnavallublin.eu\/wp-content\/gallery\/ceramic-circus\/thumbs\/thumbs_Ceramic-Circus-4-Jona-Harnischmacher.jpg\"\n               data-image-id=\"781\"\n               data-title=\"Artysta je\u017adzi na rolkach i gra na perkusji.\"\n               data-description=\"\"\n               data-image-slug=\"ceramic-circus-4-jona-harnischmacher\"\n               >\n                <img\n                    title=\"Artysta je\u017adzi na rolkach i gra na perkusji.\"\n                    alt=\"Artysta je\u017adzi na rolkach i gra na perkusji.\"\n                    src=\"https:\/\/carnavallublin.eu\/wp-content\/gallery\/ceramic-circus\/thumbs\/thumbs_Ceramic-Circus-4-Jona-Harnischmacher.jpg\"\n                    width=\"240\"\n                    height=\"160\"\n                    style=\"max-width:100%;\"\n                \/>\n            <\/a>\n        <\/div>\n\t\t\t\t\t\t\t<\/div> \n\t\t\t\n\t\t\t\t<div id=\"ngg-image-1\" class=\"ngg-gallery-thumbnail-box \" >\n\t\t\t\t        <div class=\"ngg-gallery-thumbnail\">\n            <a href=\"https:\/\/carnavallublin.eu\/wp-content\/gallery\/ceramic-circus\/Ceramic-Circus-1-Romain-Fievet.JPG\"\n               title=\"\"\n               data-src=\"https:\/\/carnavallublin.eu\/wp-content\/gallery\/ceramic-circus\/Ceramic-Circus-1-Romain-Fievet.JPG\"\n               data-thumbnail=\"https:\/\/carnavallublin.eu\/wp-content\/gallery\/ceramic-circus\/thumbs\/thumbs_Ceramic-Circus-1-Romain-Fievet.JPG\"\n               data-image-id=\"782\"\n               data-title=\"M\u0119\u017cczyzna siedzi ko\u0142o globusa.\"\n               data-description=\"\"\n               data-image-slug=\"ceramic-circus-1-romain-fievet\"\n               >\n                <img\n                    title=\"M\u0119\u017cczyzna siedzi ko\u0142o globusa.\"\n                    alt=\"M\u0119\u017cczyzna siedzi ko\u0142o globusa.\"\n                    src=\"https:\/\/carnavallublin.eu\/wp-content\/gallery\/ceramic-circus\/thumbs\/thumbs_Ceramic-Circus-1-Romain-Fievet.JPG\"\n                    width=\"240\"\n                    height=\"160\"\n                    style=\"max-width:100%;\"\n                \/>\n            <\/a>\n        <\/div>\n\t\t\t\t\t\t\t<\/div> \n\t\t\t\n\t\t\t\t<div id=\"ngg-image-2\" class=\"ngg-gallery-thumbnail-box \" >\n\t\t\t\t        <div class=\"ngg-gallery-thumbnail\">\n            <a href=\"https:\/\/carnavallublin.eu\/wp-content\/gallery\/ceramic-circus\/Ceramic-Circus-3-Franzi-Schardt.jpg\"\n               title=\"\"\n               data-src=\"https:\/\/carnavallublin.eu\/wp-content\/gallery\/ceramic-circus\/Ceramic-Circus-3-Franzi-Schardt.jpg\"\n               data-thumbnail=\"https:\/\/carnavallublin.eu\/wp-content\/gallery\/ceramic-circus\/thumbs\/thumbs_Ceramic-Circus-3-Franzi-Schardt.jpg\"\n               data-image-id=\"783\"\n               data-title=\"M\u0119\u017cczyzna siedzi ko\u0142o globusa.\"\n               data-description=\"\"\n               data-image-slug=\"ceramic-circus-3-franzi-schardt\"\n               >\n                <img\n                    title=\"M\u0119\u017cczyzna siedzi ko\u0142o globusa.\"\n                    alt=\"M\u0119\u017cczyzna siedzi ko\u0142o globusa.\"\n                    src=\"https:\/\/carnavallublin.eu\/wp-content\/gallery\/ceramic-circus\/thumbs\/thumbs_Ceramic-Circus-3-Franzi-Schardt.jpg\"\n                    width=\"240\"\n                    height=\"160\"\n                    style=\"max-width:100%;\"\n                \/>\n            <\/a>\n        <\/div>\n\t\t\t\t\t\t\t<\/div> \n\t\t\t\n\t\t\t\t<div id=\"ngg-image-3\" class=\"ngg-gallery-thumbnail-box \" >\n\t\t\t\t        <div class=\"ngg-gallery-thumbnail\">\n            <a href=\"https:\/\/carnavallublin.eu\/wp-content\/gallery\/ceramic-circus\/Ceramic-Circus-2-Franzi-Schardt.jpg\"\n               title=\"\"\n               data-src=\"https:\/\/carnavallublin.eu\/wp-content\/gallery\/ceramic-circus\/Ceramic-Circus-2-Franzi-Schardt.jpg\"\n               data-thumbnail=\"https:\/\/carnavallublin.eu\/wp-content\/gallery\/ceramic-circus\/thumbs\/thumbs_Ceramic-Circus-2-Franzi-Schardt.jpg\"\n               data-image-id=\"784\"\n               data-title=\"Na scenie s\u0105 perkusja i tabliczka z napisem Welcome to ceramic circus.\"\n               data-description=\"\"\n               data-image-slug=\"ceramic-circus-2-franzi-schardt\"\n               >\n                <img\n                    title=\"Na scenie s\u0105 perkusja i tabliczka z napisem Welcome to ceramic circus.\"\n                    alt=\"Na scenie s\u0105 perkusja i tabliczka z napisem Welcome to ceramic circus.\"\n                    src=\"https:\/\/carnavallublin.eu\/wp-content\/gallery\/ceramic-circus\/thumbs\/thumbs_Ceramic-Circus-2-Franzi-Schardt.jpg\"\n                    width=\"240\"\n                    height=\"160\"\n                    style=\"max-width:100%;\"\n                \/>\n            <\/a>\n        <\/div>\n\t\t\t\t\t\t\t<\/div> \n\t\t\t\n\t\n\t<br style=\"clear: both\" \/>\n\n\t\n\t\t<!-- Pagination -->\n\t<div class='ngg-clear'><\/div>\t<\/div>\n\n","protected":false},"excerpt":{"rendered":"<p>About Tension is in the air. Welcome to Ceramic Circus, [&hellip;]<\/p>\n","protected":false},"author":13,"featured_media":11556,"comment_status":"closed","ping_status":"closed","template":"","meta":{"ngg_post_thumbnail":0},"tags":[],"wydarzenie_artysta":[419],"wydarzenie_miejsce":[410],"wydarzenie_sztuka":[421],"wydarzenie_modul":[77],"wydarzenie_dzien":[423],"edycja_carnavallublin":[417],"mec_category":[44,49],"acf":[],"yoast_head":"<!-- This site is optimized with the Yoast SEO plugin v22.2 - https:\/\/yoast.com\/wordpress\/plugins\/seo\/ -->\n<title>Julian Vogel \/ Cie. unlisted | \u201cCeramic Circus\u201d (CHE\/FRA) - Carnaval Sztukmistrz\u00f3w<\/title>\n<meta name=\"robots\" content=\"index, follow, max-snippet:-1, max-image-preview:large, max-video-preview:-1\" \/>\n<link rel=\"canonical\" href=\"https:\/\/carnavallublin.eu\/en\/wydarzenia\/julian-vogel-cie-unlisted-ceramic-circus-che-fra-2\/\" \/>\n<meta property=\"og:locale\" content=\"en_US\" \/>\n<meta property=\"og:type\" content=\"article\" \/>\n<meta property=\"og:title\" content=\"Julian Vogel \/ Cie. unlisted | \u201cCeramic Circus\u201d (CHE\/FRA) - Carnaval Sztukmistrz\u00f3w\" \/>\n<meta property=\"og:description\" content=\"About Tension is in the air. Welcome to Ceramic Circus, [&hellip;]\" \/>\n<meta property=\"og:url\" content=\"https:\/\/carnavallublin.eu\/en\/wydarzenia\/julian-vogel-cie-unlisted-ceramic-circus-che-fra-2\/\" \/>\n<meta property=\"og:site_name\" content=\"Carnaval Sztukmistrz\u00f3w\" \/>\n<meta property=\"article:modified_time\" content=\"2026-07-22T10:47:57+00:00\" \/>\n<meta property=\"og:image\" content=\"https:\/\/carnavallublin.eu\/wp-content\/uploads\/2026\/06\/Ceramic-Circus.jpg\" \/>\n\t<meta property=\"og:image:width\" content=\"1920\" \/>\n\t<meta property=\"og:image:height\" content=\"1080\" \/>\n\t<meta property=\"og:image:type\" content=\"image\/jpeg\" \/>\n<meta name=\"twitter:card\" content=\"summary_large_image\" \/>\n<meta name=\"twitter:label1\" content=\"Est. reading time\" \/>\n\t<meta name=\"twitter:data1\" content=\"1 minute\" \/>\n<script type=\"application\/ld+json\" class=\"yoast-schema-graph\">{\"@context\":\"https:\/\/schema.org\",\"@graph\":[{\"@type\":\"WebPage\",\"@id\":\"https:\/\/carnavallublin.eu\/en\/wydarzenia\/julian-vogel-cie-unlisted-ceramic-circus-che-fra-2\/\",\"url\":\"https:\/\/carnavallublin.eu\/en\/wydarzenia\/julian-vogel-cie-unlisted-ceramic-circus-che-fra-2\/\",\"name\":\"Julian Vogel \/ Cie. unlisted | \u201cCeramic Circus\u201d (CHE\/FRA) - Carnaval Sztukmistrz\u00f3w\",\"isPartOf\":{\"@id\":\"https:\/\/carnavallublin.eu\/en\/#website\"},\"primaryImageOfPage\":{\"@id\":\"https:\/\/carnavallublin.eu\/en\/wydarzenia\/julian-vogel-cie-unlisted-ceramic-circus-che-fra-2\/#primaryimage\"},\"image\":{\"@id\":\"https:\/\/carnavallublin.eu\/en\/wydarzenia\/julian-vogel-cie-unlisted-ceramic-circus-che-fra-2\/#primaryimage\"},\"thumbnailUrl\":\"https:\/\/carnavallublin.eu\/wp-content\/uploads\/2026\/06\/Ceramic-Circus.jpg\",\"datePublished\":\"2026-06-12T10:44:17+00:00\",\"dateModified\":\"2026-07-22T10:47:57+00:00\",\"breadcrumb\":{\"@id\":\"https:\/\/carnavallublin.eu\/en\/wydarzenia\/julian-vogel-cie-unlisted-ceramic-circus-che-fra-2\/#breadcrumb\"},\"inLanguage\":\"en-US\",\"potentialAction\":[{\"@type\":\"ReadAction\",\"target\":[\"https:\/\/carnavallublin.eu\/en\/wydarzenia\/julian-vogel-cie-unlisted-ceramic-circus-che-fra-2\/\"]}]},{\"@type\":\"ImageObject\",\"inLanguage\":\"en-US\",\"@id\":\"https:\/\/carnavallublin.eu\/en\/wydarzenia\/julian-vogel-cie-unlisted-ceramic-circus-che-fra-2\/#primaryimage\",\"url\":\"https:\/\/carnavallublin.eu\/wp-content\/uploads\/2026\/06\/Ceramic-Circus.jpg\",\"contentUrl\":\"https:\/\/carnavallublin.eu\/wp-content\/uploads\/2026\/06\/Ceramic-Circus.jpg\",\"width\":1920,\"height\":1080,\"caption\":\"M\u0119\u017cczyzna kr\u0119ci globusem.\"},{\"@type\":\"BreadcrumbList\",\"@id\":\"https:\/\/carnavallublin.eu\/en\/wydarzenia\/julian-vogel-cie-unlisted-ceramic-circus-che-fra-2\/#breadcrumb\",\"itemListElement\":[{\"@type\":\"ListItem\",\"position\":1,\"name\":\"Strona g\u0142\u00f3wna\",\"item\":\"https:\/\/carnavallublin.eu\/en\/\"},{\"@type\":\"ListItem\",\"position\":2,\"name\":\"Events\",\"item\":\"https:\/\/carnavallublin.eu\/en\/wydarzenia\/\"},{\"@type\":\"ListItem\",\"position\":3,\"name\":\"Julian Vogel \/ Cie. unlisted | \u201cCeramic Circus\u201d (CHE\/FRA)\"}]},{\"@type\":\"WebSite\",\"@id\":\"https:\/\/carnavallublin.eu\/en\/#website\",\"url\":\"https:\/\/carnavallublin.eu\/en\/\",\"name\":\"Carnaval Sztukmistrz\u00f3w\",\"description\":\"\",\"publisher\":{\"@id\":\"https:\/\/carnavallublin.eu\/en\/#organization\"},\"potentialAction\":[{\"@type\":\"SearchAction\",\"target\":{\"@type\":\"EntryPoint\",\"urlTemplate\":\"https:\/\/carnavallublin.eu\/en\/?s={search_term_string}\"},\"query-input\":\"required name=search_term_string\"}],\"inLanguage\":\"en-US\"},{\"@type\":\"Organization\",\"@id\":\"https:\/\/carnavallublin.eu\/en\/#organization\",\"name\":\"Carnaval Sztukmistrz\u00f3w\",\"url\":\"https:\/\/carnavallublin.eu\/en\/\",\"logo\":{\"@type\":\"ImageObject\",\"inLanguage\":\"en-US\",\"@id\":\"https:\/\/carnavallublin.eu\/en\/#\/schema\/logo\/image\/\",\"url\":\"https:\/\/carnavallublin.eu\/wp-content\/uploads\/2022\/02\/logo_rgb_www.jpg\",\"contentUrl\":\"https:\/\/carnavallublin.eu\/wp-content\/uploads\/2022\/02\/logo_rgb_www.jpg\",\"width\":1181,\"height\":689,\"caption\":\"Carnaval Sztukmistrz\u00f3w\"},\"image\":{\"@id\":\"https:\/\/carnavallublin.eu\/en\/#\/schema\/logo\/image\/\"}}]}<\/script>\n<!-- \/ Yoast SEO plugin. -->","yoast_head_json":{"title":"Julian Vogel \/ Cie. unlisted | \u201cCeramic Circus\u201d (CHE\/FRA) - Carnaval Sztukmistrz\u00f3w","robots":{"index":"index","follow":"follow","max-snippet":"max-snippet:-1","max-image-preview":"max-image-preview:large","max-video-preview":"max-video-preview:-1"},"canonical":"https:\/\/carnavallublin.eu\/en\/wydarzenia\/julian-vogel-cie-unlisted-ceramic-circus-che-fra-2\/","og_locale":"en_US","og_type":"article","og_title":"Julian Vogel \/ Cie. unlisted | \u201cCeramic Circus\u201d (CHE\/FRA) - Carnaval Sztukmistrz\u00f3w","og_description":"About Tension is in the air. Welcome to Ceramic Circus, [&hellip;]","og_url":"https:\/\/carnavallublin.eu\/en\/wydarzenia\/julian-vogel-cie-unlisted-ceramic-circus-che-fra-2\/","og_site_name":"Carnaval Sztukmistrz\u00f3w","article_modified_time":"2026-07-22T10:47:57+00:00","og_image":[{"width":1920,"height":1080,"url":"https:\/\/carnavallublin.eu\/wp-content\/uploads\/2026\/06\/Ceramic-Circus.jpg","type":"image\/jpeg"}],"twitter_card":"summary_large_image","twitter_misc":{"Est. reading time":"1 minute"},"schema":{"@context":"https:\/\/schema.org","@graph":[{"@type":"WebPage","@id":"https:\/\/carnavallublin.eu\/en\/wydarzenia\/julian-vogel-cie-unlisted-ceramic-circus-che-fra-2\/","url":"https:\/\/carnavallublin.eu\/en\/wydarzenia\/julian-vogel-cie-unlisted-ceramic-circus-che-fra-2\/","name":"Julian Vogel \/ Cie. unlisted | \u201cCeramic Circus\u201d (CHE\/FRA) - Carnaval Sztukmistrz\u00f3w","isPartOf":{"@id":"https:\/\/carnavallublin.eu\/en\/#website"},"primaryImageOfPage":{"@id":"https:\/\/carnavallublin.eu\/en\/wydarzenia\/julian-vogel-cie-unlisted-ceramic-circus-che-fra-2\/#primaryimage"},"image":{"@id":"https:\/\/carnavallublin.eu\/en\/wydarzenia\/julian-vogel-cie-unlisted-ceramic-circus-che-fra-2\/#primaryimage"},"thumbnailUrl":"https:\/\/carnavallublin.eu\/wp-content\/uploads\/2026\/06\/Ceramic-Circus.jpg","datePublished":"2026-06-12T10:44:17+00:00","dateModified":"2026-07-22T10:47:57+00:00","breadcrumb":{"@id":"https:\/\/carnavallublin.eu\/en\/wydarzenia\/julian-vogel-cie-unlisted-ceramic-circus-che-fra-2\/#breadcrumb"},"inLanguage":"en-US","potentialAction":[{"@type":"ReadAction","target":["https:\/\/carnavallublin.eu\/en\/wydarzenia\/julian-vogel-cie-unlisted-ceramic-circus-che-fra-2\/"]}]},{"@type":"ImageObject","inLanguage":"en-US","@id":"https:\/\/carnavallublin.eu\/en\/wydarzenia\/julian-vogel-cie-unlisted-ceramic-circus-che-fra-2\/#primaryimage","url":"https:\/\/carnavallublin.eu\/wp-content\/uploads\/2026\/06\/Ceramic-Circus.jpg","contentUrl":"https:\/\/carnavallublin.eu\/wp-content\/uploads\/2026\/06\/Ceramic-Circus.jpg","width":1920,"height":1080,"caption":"M\u0119\u017cczyzna kr\u0119ci globusem."},{"@type":"BreadcrumbList","@id":"https:\/\/carnavallublin.eu\/en\/wydarzenia\/julian-vogel-cie-unlisted-ceramic-circus-che-fra-2\/#breadcrumb","itemListElement":[{"@type":"ListItem","position":1,"name":"Strona g\u0142\u00f3wna","item":"https:\/\/carnavallublin.eu\/en\/"},{"@type":"ListItem","position":2,"name":"Events","item":"https:\/\/carnavallublin.eu\/en\/wydarzenia\/"},{"@type":"ListItem","position":3,"name":"Julian Vogel \/ Cie. unlisted | \u201cCeramic Circus\u201d (CHE\/FRA)"}]},{"@type":"WebSite","@id":"https:\/\/carnavallublin.eu\/en\/#website","url":"https:\/\/carnavallublin.eu\/en\/","name":"Carnaval Sztukmistrz\u00f3w","description":"","publisher":{"@id":"https:\/\/carnavallublin.eu\/en\/#organization"},"potentialAction":[{"@type":"SearchAction","target":{"@type":"EntryPoint","urlTemplate":"https:\/\/carnavallublin.eu\/en\/?s={search_term_string}"},"query-input":"required name=search_term_string"}],"inLanguage":"en-US"},{"@type":"Organization","@id":"https:\/\/carnavallublin.eu\/en\/#organization","name":"Carnaval Sztukmistrz\u00f3w","url":"https:\/\/carnavallublin.eu\/en\/","logo":{"@type":"ImageObject","inLanguage":"en-US","@id":"https:\/\/carnavallublin.eu\/en\/#\/schema\/logo\/image\/","url":"https:\/\/carnavallublin.eu\/wp-content\/uploads\/2022\/02\/logo_rgb_www.jpg","contentUrl":"https:\/\/carnavallublin.eu\/wp-content\/uploads\/2022\/02\/logo_rgb_www.jpg","width":1181,"height":689,"caption":"Carnaval Sztukmistrz\u00f3w"},"image":{"@id":"https:\/\/carnavallublin.eu\/en\/#\/schema\/logo\/image\/"}}]}},"_links":{"self":[{"href":"https:\/\/carnavallublin.eu\/en\/wp-json\/wp\/v2\/mec-events\/11470"}],"collection":[{"href":"https:\/\/carnavallublin.eu\/en\/wp-json\/wp\/v2\/mec-events"}],"about":[{"href":"https:\/\/carnavallublin.eu\/en\/wp-json\/wp\/v2\/types\/mec-events"}],"author":[{"embeddable":true,"href":"https:\/\/carnavallublin.eu\/en\/wp-json\/wp\/v2\/users\/13"}],"replies":[{"embeddable":true,"href":"https:\/\/carnavallublin.eu\/en\/wp-json\/wp\/v2\/comments?post=11470"}],"wp:featuredmedia":[{"embeddable":true,"href":"https:\/\/carnavallublin.eu\/en\/wp-json\/wp\/v2\/media\/11556"}],"wp:attachment":[{"href":"https:\/\/carnavallublin.eu\/en\/wp-json\/wp\/v2\/media?parent=11470"}],"wp:term":[{"taxonomy":"post_tag","embeddable":true,"href":"https:\/\/carnavallublin.eu\/en\/wp-json\/wp\/v2\/tags?post=11470"},{"taxonomy":"wydarzenie_artysta","embeddable":true,"href":"https:\/\/carnavallublin.eu\/en\/wp-json\/wp\/v2\/wydarzenie_artysta?post=11470"},{"taxonomy":"wydarzenie_miejsce","embeddable":true,"href":"https:\/\/carnavallublin.eu\/en\/wp-json\/wp\/v2\/wydarzenie_miejsce?post=11470"},{"taxonomy":"wydarzenie_sztuka","embeddable":true,"href":"https:\/\/carnavallublin.eu\/en\/wp-json\/wp\/v2\/wydarzenie_sztuka?post=11470"},{"taxonomy":"wydarzenie_modul","embeddable":true,"href":"https:\/\/carnavallublin.eu\/en\/wp-json\/wp\/v2\/wydarzenie_modul?post=11470"},{"taxonomy":"wydarzenie_dzien","embeddable":true,"href":"https:\/\/carnavallublin.eu\/en\/wp-json\/wp\/v2\/wydarzenie_dzien?post=11470"},{"taxonomy":"edycja_carnavallublin","embeddable":true,"href":"https:\/\/carnavallublin.eu\/en\/wp-json\/wp\/v2\/edycja_carnavallublin?post=11470"},{"taxonomy":"mec_category","embeddable":true,"href":"https:\/\/carnavallublin.eu\/en\/wp-json\/wp\/v2\/mec_category?post=11470"}],"curies":[{"name":"wp","href":"https:\/\/api.w.org\/{rel}","templated":true}]}}