{"id":11853,"date":"2026-06-29T12:34:39","date_gmt":"2026-06-29T10:34:39","guid":{"rendered":"https:\/\/carnavallublin.eu\/wydarzenia\/blow-up-crew-the-clay-artists-arg-7\/"},"modified":"2026-07-22T23:18:32","modified_gmt":"2026-07-22T21:18:32","slug":"blow-up-crew-the-clay-artists-arg-7","status":"publish","type":"mec-events","link":"https:\/\/carnavallublin.eu\/en\/wydarzenia\/blow-up-crew-the-clay-artists-arg-7\/","title":{"rendered":"Blow Up Crew | \u201cThe Clay Artists\u201d (ARG)"},"content":{"rendered":"<h2>About<\/h2>\n<p>\u201cThe Clay Artists\u201d is an interactive dance show inspired by the Pachamama (Mother Earth) Day: a spiritual festival that is celebrated every August 1st in the Andes. Through dance, the artists share an ancestral message, transmitted from generation to generation. For them it is a time to thank Mother Earth and return love, food, flowers, respect and positive energy, offering their acrobatics to Mother Earth and the public present. Viewers are encouraged to be inspired by the dance show and take care of the Earth where we live.<\/p>\n<h2>Details<\/h2>\n<p><strong>July 23, 2026<\/strong> (Thursday), 16:00 and 18:00 | \u0141okietka Square<\/p>\n<p><strong>July 24, 2026<\/strong> (Friday), 17:00 and 19:00 | Litewski Square \/ I love Lublin<\/p>\n<p><strong>July 25, 2026<\/strong> (Saturday), 17:00 and 19:00 | \u0141okietka Square<\/p>\n<p><strong>July 26, 2026<\/strong> (Sunday), 16:00 and 18:00 | Krakowskie Przedmie\u015bcie \/ Kapucy\u0144ska 1<\/p>\n<!-- default-view.php -->\n<div\n\tclass=\"ngg-galleryoverview default-view \"\n\tid=\"ngg-gallery-aae5b5eae300b406528dff295eb7c611-1\">\n\n\t\t<!-- Thumbnails -->\n\t\t\t\t<div id=\"ngg-image-0\" class=\"ngg-gallery-thumbnail-box \" >\n\t\t\t\t        <div class=\"ngg-gallery-thumbnail\">\n            <a href=\"https:\/\/carnavallublin.eu\/wp-content\/gallery\/the-clay-artists\/IMG_2163.JPG\"\n               title=\"\"\n               data-src=\"https:\/\/carnavallublin.eu\/wp-content\/gallery\/the-clay-artists\/IMG_2163.JPG\"\n               data-thumbnail=\"https:\/\/carnavallublin.eu\/wp-content\/gallery\/the-clay-artists\/thumbs\/thumbs_IMG_2163.JPG\"\n               data-image-id=\"813\"\n               data-title=\"M\u0119\u017cczyzna trzyma kobiet\u0119, kt\u00f3ra stoi na r\u0119kach.\"\n               data-description=\"\"\n               data-image-slug=\"img_2163\"\n               >\n                <img\n                    title=\"M\u0119\u017cczyzna trzyma kobiet\u0119, kt\u00f3ra stoi na r\u0119kach.\"\n                    alt=\"M\u0119\u017cczyzna trzyma kobiet\u0119, kt\u00f3ra stoi na r\u0119kach.\"\n                    src=\"https:\/\/carnavallublin.eu\/wp-content\/gallery\/the-clay-artists\/thumbs\/thumbs_IMG_2163.JPG\"\n                    width=\"240\"\n                    height=\"160\"\n                    style=\"max-width:100%;\"\n                \/>\n            <\/a>\n        <\/div>\n\t\t\t\t\t\t\t<\/div> \n\t\t\t\n\t\t\t\t<div id=\"ngg-image-1\" class=\"ngg-gallery-thumbnail-box \" >\n\t\t\t\t        <div class=\"ngg-gallery-thumbnail\">\n            <a href=\"https:\/\/carnavallublin.eu\/wp-content\/gallery\/the-clay-artists\/IMG_2181.JPG\"\n               title=\"\"\n               data-src=\"https:\/\/carnavallublin.eu\/wp-content\/gallery\/the-clay-artists\/IMG_2181.JPG\"\n               data-thumbnail=\"https:\/\/carnavallublin.eu\/wp-content\/gallery\/the-clay-artists\/thumbs\/thumbs_IMG_2181.JPG\"\n               data-image-id=\"814\"\n               data-title=\"Pomi\u0119dzy artystami stoi ch\u0142opiec z publiczno\u015bci.\"\n               data-description=\"\"\n               data-image-slug=\"img_2181\"\n               >\n                <img\n                    title=\"Pomi\u0119dzy artystami stoi ch\u0142opiec z publiczno\u015bci.\"\n                    alt=\"Pomi\u0119dzy artystami stoi ch\u0142opiec z publiczno\u015bci.\"\n                    src=\"https:\/\/carnavallublin.eu\/wp-content\/gallery\/the-clay-artists\/thumbs\/thumbs_IMG_2181.JPG\"\n                    width=\"240\"\n                    height=\"160\"\n                    style=\"max-width:100%;\"\n                \/>\n            <\/a>\n        <\/div>\n\t\t\t\t\t\t\t<\/div> \n\t\t\t\n\t\t\t\t<div id=\"ngg-image-2\" class=\"ngg-gallery-thumbnail-box \" >\n\t\t\t\t        <div class=\"ngg-gallery-thumbnail\">\n            <a href=\"https:\/\/carnavallublin.eu\/wp-content\/gallery\/the-clay-artists\/IMG_2014.JPG\"\n               title=\"\"\n               data-src=\"https:\/\/carnavallublin.eu\/wp-content\/gallery\/the-clay-artists\/IMG_2014.JPG\"\n               data-thumbnail=\"https:\/\/carnavallublin.eu\/wp-content\/gallery\/the-clay-artists\/thumbs\/thumbs_IMG_2014.JPG\"\n               data-image-id=\"815\"\n               data-title=\"Artysta zakrywa twarz mask\u0105.\"\n               data-description=\"\"\n               data-image-slug=\"img_2014\"\n               >\n                <img\n                    title=\"Artysta zakrywa twarz mask\u0105.\"\n                    alt=\"Artysta zakrywa twarz mask\u0105.\"\n                    src=\"https:\/\/carnavallublin.eu\/wp-content\/gallery\/the-clay-artists\/thumbs\/thumbs_IMG_2014.JPG\"\n                    width=\"240\"\n                    height=\"160\"\n                    style=\"max-width:100%;\"\n                \/>\n            <\/a>\n        <\/div>\n\t\t\t\t\t\t\t<\/div> \n\t\t\t\n\t\t\t\t<div id=\"ngg-image-3\" class=\"ngg-gallery-thumbnail-box \" >\n\t\t\t\t        <div class=\"ngg-gallery-thumbnail\">\n            <a href=\"https:\/\/carnavallublin.eu\/wp-content\/gallery\/the-clay-artists\/IMG_0732.JPG\"\n               title=\"\"\n               data-src=\"https:\/\/carnavallublin.eu\/wp-content\/gallery\/the-clay-artists\/IMG_0732.JPG\"\n               data-thumbnail=\"https:\/\/carnavallublin.eu\/wp-content\/gallery\/the-clay-artists\/thumbs\/thumbs_IMG_0732.JPG\"\n               data-image-id=\"816\"\n               data-title=\"M\u0119\u017cczyzna trzyma kobiet\u0119, kt\u00f3ra stoi na r\u0119kach.\"\n               data-description=\"\"\n               data-image-slug=\"img_0732\"\n               >\n                <img\n                    title=\"M\u0119\u017cczyzna trzyma kobiet\u0119, kt\u00f3ra stoi na r\u0119kach.\"\n                    alt=\"M\u0119\u017cczyzna trzyma kobiet\u0119, kt\u00f3ra stoi na r\u0119kach.\"\n                    src=\"https:\/\/carnavallublin.eu\/wp-content\/gallery\/the-clay-artists\/thumbs\/thumbs_IMG_0732.JPG\"\n                    width=\"240\"\n                    height=\"160\"\n                    style=\"max-width:100%;\"\n                \/>\n            <\/a>\n        <\/div>\n\t\t\t\t\t\t\t<\/div> \n\t\t\t\n\t\t\t\t<div id=\"ngg-image-4\" class=\"ngg-gallery-thumbnail-box \" >\n\t\t\t\t        <div class=\"ngg-gallery-thumbnail\">\n            <a href=\"https:\/\/carnavallublin.eu\/wp-content\/gallery\/the-clay-artists\/IMG_0150.JPG\"\n               title=\"\"\n               data-src=\"https:\/\/carnavallublin.eu\/wp-content\/gallery\/the-clay-artists\/IMG_0150.JPG\"\n               data-thumbnail=\"https:\/\/carnavallublin.eu\/wp-content\/gallery\/the-clay-artists\/thumbs\/thumbs_IMG_0150.JPG\"\n               data-image-id=\"817\"\n               data-title=\"Artysta zakrywa twarz mask\u0105.\"\n               data-description=\"\"\n               data-image-slug=\"img_0150\"\n               >\n                <img\n                    title=\"Artysta zakrywa twarz mask\u0105.\"\n                    alt=\"Artysta zakrywa twarz mask\u0105.\"\n                    src=\"https:\/\/carnavallublin.eu\/wp-content\/gallery\/the-clay-artists\/thumbs\/thumbs_IMG_0150.JPG\"\n                    width=\"240\"\n                    height=\"160\"\n                    style=\"max-width:100%;\"\n                \/>\n            <\/a>\n        <\/div>\n\t\t\t\t\t\t\t<\/div> \n\t\t\t\n\t\t\t\t<div id=\"ngg-image-5\" class=\"ngg-gallery-thumbnail-box \" >\n\t\t\t\t        <div class=\"ngg-gallery-thumbnail\">\n            <a href=\"https:\/\/carnavallublin.eu\/wp-content\/gallery\/the-clay-artists\/IMG_0153.JPG\"\n               title=\"\"\n               data-src=\"https:\/\/carnavallublin.eu\/wp-content\/gallery\/the-clay-artists\/IMG_0153.JPG\"\n               data-thumbnail=\"https:\/\/carnavallublin.eu\/wp-content\/gallery\/the-clay-artists\/thumbs\/thumbs_IMG_0153.JPG\"\n               data-image-id=\"818\"\n               data-title=\"Artysta stoi na jednej r\u0119ce. Do st\u00f3p ma zaczepione pochodnie.\"\n               data-description=\"\"\n               data-image-slug=\"img_0153\"\n               >\n                <img\n                    title=\"Artysta stoi na jednej r\u0119ce. Do st\u00f3p ma zaczepione pochodnie.\"\n                    alt=\"Artysta stoi na jednej r\u0119ce. Do st\u00f3p ma zaczepione pochodnie.\"\n                    src=\"https:\/\/carnavallublin.eu\/wp-content\/gallery\/the-clay-artists\/thumbs\/thumbs_IMG_0153.JPG\"\n                    width=\"240\"\n                    height=\"160\"\n                    style=\"max-width:100%;\"\n                \/>\n            <\/a>\n        <\/div>\n\t\t\t\t\t\t\t<\/div> \n\t\t\t\n\t\n\t<br style=\"clear: both\" \/>\n\n\t\n\t\t<!-- Pagination -->\n\t<div class='ngg-clear'><\/div>\t<\/div>\n\n","protected":false},"excerpt":{"rendered":"<p>About \u201cThe Clay Artists\u201d is an interactive dance show inspired [&hellip;]<\/p>\n","protected":false},"author":13,"featured_media":11794,"comment_status":"closed","ping_status":"closed","template":"","meta":{"ngg_post_thumbnail":0},"tags":[],"wydarzenie_artysta":[493],"wydarzenie_miejsce":[489],"wydarzenie_sztuka":[82,110,494,443],"wydarzenie_modul":[467],"wydarzenie_dzien":[423],"edycja_carnavallublin":[417],"mec_category":[139],"acf":[],"yoast_head":"<!-- This site is optimized with the Yoast SEO plugin v22.2 - https:\/\/yoast.com\/wordpress\/plugins\/seo\/ -->\n<title>Blow Up Crew | \u201cThe Clay Artists\u201d (ARG) - Carnaval Sztukmistrz\u00f3w<\/title>\n<meta name=\"robots\" content=\"index, follow, max-snippet:-1, max-image-preview:large, max-video-preview:-1\" \/>\n<link rel=\"canonical\" href=\"https:\/\/carnavallublin.eu\/en\/wydarzenia\/blow-up-crew-the-clay-artists-arg-7\/\" \/>\n<meta property=\"og:locale\" content=\"en_US\" \/>\n<meta property=\"og:type\" content=\"article\" \/>\n<meta property=\"og:title\" content=\"Blow Up Crew | \u201cThe Clay Artists\u201d (ARG) - Carnaval Sztukmistrz\u00f3w\" \/>\n<meta property=\"og:description\" content=\"About \u201cThe Clay Artists\u201d is an interactive dance show inspired [&hellip;]\" \/>\n<meta property=\"og:url\" content=\"https:\/\/carnavallublin.eu\/en\/wydarzenia\/blow-up-crew-the-clay-artists-arg-7\/\" \/>\n<meta property=\"og:site_name\" content=\"Carnaval Sztukmistrz\u00f3w\" \/>\n<meta property=\"article:modified_time\" content=\"2026-07-22T21:18:32+00:00\" \/>\n<meta property=\"og:image\" content=\"https:\/\/carnavallublin.eu\/wp-content\/uploads\/2026\/06\/The-Clay-Artists-1-1024x576.png\" \/>\n\t<meta property=\"og:image:width\" content=\"1024\" \/>\n\t<meta property=\"og:image:height\" content=\"576\" \/>\n\t<meta property=\"og:image:type\" content=\"image\/png\" \/>\n<meta name=\"twitter:card\" content=\"summary_large_image\" \/>\n<meta name=\"twitter:label1\" content=\"Est. reading time\" \/>\n\t<meta name=\"twitter:data1\" content=\"2 minutes\" \/>\n<script type=\"application\/ld+json\" class=\"yoast-schema-graph\">{\"@context\":\"https:\/\/schema.org\",\"@graph\":[{\"@type\":\"WebPage\",\"@id\":\"https:\/\/carnavallublin.eu\/en\/wydarzenia\/blow-up-crew-the-clay-artists-arg-7\/\",\"url\":\"https:\/\/carnavallublin.eu\/en\/wydarzenia\/blow-up-crew-the-clay-artists-arg-7\/\",\"name\":\"Blow Up Crew | \u201cThe Clay Artists\u201d (ARG) - Carnaval Sztukmistrz\u00f3w\",\"isPartOf\":{\"@id\":\"https:\/\/carnavallublin.eu\/en\/#website\"},\"primaryImageOfPage\":{\"@id\":\"https:\/\/carnavallublin.eu\/en\/wydarzenia\/blow-up-crew-the-clay-artists-arg-7\/#primaryimage\"},\"image\":{\"@id\":\"https:\/\/carnavallublin.eu\/en\/wydarzenia\/blow-up-crew-the-clay-artists-arg-7\/#primaryimage\"},\"thumbnailUrl\":\"https:\/\/carnavallublin.eu\/wp-content\/uploads\/2026\/06\/The-Clay-Artists-1.png\",\"datePublished\":\"2026-06-29T10:34:39+00:00\",\"dateModified\":\"2026-07-22T21:18:32+00:00\",\"breadcrumb\":{\"@id\":\"https:\/\/carnavallublin.eu\/en\/wydarzenia\/blow-up-crew-the-clay-artists-arg-7\/#breadcrumb\"},\"inLanguage\":\"en-US\",\"potentialAction\":[{\"@type\":\"ReadAction\",\"target\":[\"https:\/\/carnavallublin.eu\/en\/wydarzenia\/blow-up-crew-the-clay-artists-arg-7\/\"]}]},{\"@type\":\"ImageObject\",\"inLanguage\":\"en-US\",\"@id\":\"https:\/\/carnavallublin.eu\/en\/wydarzenia\/blow-up-crew-the-clay-artists-arg-7\/#primaryimage\",\"url\":\"https:\/\/carnavallublin.eu\/wp-content\/uploads\/2026\/06\/The-Clay-Artists-1.png\",\"contentUrl\":\"https:\/\/carnavallublin.eu\/wp-content\/uploads\/2026\/06\/The-Clay-Artists-1.png\",\"width\":1920,\"height\":1080,\"caption\":\"Akrobata stoi na jednej r\u0119ce.\"},{\"@type\":\"BreadcrumbList\",\"@id\":\"https:\/\/carnavallublin.eu\/en\/wydarzenia\/blow-up-crew-the-clay-artists-arg-7\/#breadcrumb\",\"itemListElement\":[{\"@type\":\"ListItem\",\"position\":1,\"name\":\"Strona g\u0142\u00f3wna\",\"item\":\"https:\/\/carnavallublin.eu\/en\/\"},{\"@type\":\"ListItem\",\"position\":2,\"name\":\"Events\",\"item\":\"https:\/\/carnavallublin.eu\/en\/wydarzenia\/\"},{\"@type\":\"ListItem\",\"position\":3,\"name\":\"Blow Up Crew | \u201cThe Clay Artists\u201d (ARG)\"}]},{\"@type\":\"WebSite\",\"@id\":\"https:\/\/carnavallublin.eu\/en\/#website\",\"url\":\"https:\/\/carnavallublin.eu\/en\/\",\"name\":\"Carnaval Sztukmistrz\u00f3w\",\"description\":\"\",\"publisher\":{\"@id\":\"https:\/\/carnavallublin.eu\/en\/#organization\"},\"potentialAction\":[{\"@type\":\"SearchAction\",\"target\":{\"@type\":\"EntryPoint\",\"urlTemplate\":\"https:\/\/carnavallublin.eu\/en\/?s={search_term_string}\"},\"query-input\":\"required name=search_term_string\"}],\"inLanguage\":\"en-US\"},{\"@type\":\"Organization\",\"@id\":\"https:\/\/carnavallublin.eu\/en\/#organization\",\"name\":\"Carnaval Sztukmistrz\u00f3w\",\"url\":\"https:\/\/carnavallublin.eu\/en\/\",\"logo\":{\"@type\":\"ImageObject\",\"inLanguage\":\"en-US\",\"@id\":\"https:\/\/carnavallublin.eu\/en\/#\/schema\/logo\/image\/\",\"url\":\"https:\/\/carnavallublin.eu\/wp-content\/uploads\/2022\/02\/logo_rgb_www.jpg\",\"contentUrl\":\"https:\/\/carnavallublin.eu\/wp-content\/uploads\/2022\/02\/logo_rgb_www.jpg\",\"width\":1181,\"height\":689,\"caption\":\"Carnaval Sztukmistrz\u00f3w\"},\"image\":{\"@id\":\"https:\/\/carnavallublin.eu\/en\/#\/schema\/logo\/image\/\"}}]}<\/script>\n<!-- \/ Yoast SEO plugin. -->","yoast_head_json":{"title":"Blow Up Crew | \u201cThe Clay Artists\u201d (ARG) - Carnaval Sztukmistrz\u00f3w","robots":{"index":"index","follow":"follow","max-snippet":"max-snippet:-1","max-image-preview":"max-image-preview:large","max-video-preview":"max-video-preview:-1"},"canonical":"https:\/\/carnavallublin.eu\/en\/wydarzenia\/blow-up-crew-the-clay-artists-arg-7\/","og_locale":"en_US","og_type":"article","og_title":"Blow Up Crew | \u201cThe Clay Artists\u201d (ARG) - Carnaval Sztukmistrz\u00f3w","og_description":"About \u201cThe Clay Artists\u201d is an interactive dance show inspired [&hellip;]","og_url":"https:\/\/carnavallublin.eu\/en\/wydarzenia\/blow-up-crew-the-clay-artists-arg-7\/","og_site_name":"Carnaval Sztukmistrz\u00f3w","article_modified_time":"2026-07-22T21:18:32+00:00","og_image":[{"width":1024,"height":576,"url":"https:\/\/carnavallublin.eu\/wp-content\/uploads\/2026\/06\/The-Clay-Artists-1-1024x576.png","type":"image\/png"}],"twitter_card":"summary_large_image","twitter_misc":{"Est. reading time":"2 minutes"},"schema":{"@context":"https:\/\/schema.org","@graph":[{"@type":"WebPage","@id":"https:\/\/carnavallublin.eu\/en\/wydarzenia\/blow-up-crew-the-clay-artists-arg-7\/","url":"https:\/\/carnavallublin.eu\/en\/wydarzenia\/blow-up-crew-the-clay-artists-arg-7\/","name":"Blow Up Crew | \u201cThe Clay Artists\u201d (ARG) - Carnaval Sztukmistrz\u00f3w","isPartOf":{"@id":"https:\/\/carnavallublin.eu\/en\/#website"},"primaryImageOfPage":{"@id":"https:\/\/carnavallublin.eu\/en\/wydarzenia\/blow-up-crew-the-clay-artists-arg-7\/#primaryimage"},"image":{"@id":"https:\/\/carnavallublin.eu\/en\/wydarzenia\/blow-up-crew-the-clay-artists-arg-7\/#primaryimage"},"thumbnailUrl":"https:\/\/carnavallublin.eu\/wp-content\/uploads\/2026\/06\/The-Clay-Artists-1.png","datePublished":"2026-06-29T10:34:39+00:00","dateModified":"2026-07-22T21:18:32+00:00","breadcrumb":{"@id":"https:\/\/carnavallublin.eu\/en\/wydarzenia\/blow-up-crew-the-clay-artists-arg-7\/#breadcrumb"},"inLanguage":"en-US","potentialAction":[{"@type":"ReadAction","target":["https:\/\/carnavallublin.eu\/en\/wydarzenia\/blow-up-crew-the-clay-artists-arg-7\/"]}]},{"@type":"ImageObject","inLanguage":"en-US","@id":"https:\/\/carnavallublin.eu\/en\/wydarzenia\/blow-up-crew-the-clay-artists-arg-7\/#primaryimage","url":"https:\/\/carnavallublin.eu\/wp-content\/uploads\/2026\/06\/The-Clay-Artists-1.png","contentUrl":"https:\/\/carnavallublin.eu\/wp-content\/uploads\/2026\/06\/The-Clay-Artists-1.png","width":1920,"height":1080,"caption":"Akrobata stoi na jednej r\u0119ce."},{"@type":"BreadcrumbList","@id":"https:\/\/carnavallublin.eu\/en\/wydarzenia\/blow-up-crew-the-clay-artists-arg-7\/#breadcrumb","itemListElement":[{"@type":"ListItem","position":1,"name":"Strona g\u0142\u00f3wna","item":"https:\/\/carnavallublin.eu\/en\/"},{"@type":"ListItem","position":2,"name":"Events","item":"https:\/\/carnavallublin.eu\/en\/wydarzenia\/"},{"@type":"ListItem","position":3,"name":"Blow Up Crew | \u201cThe Clay Artists\u201d (ARG)"}]},{"@type":"WebSite","@id":"https:\/\/carnavallublin.eu\/en\/#website","url":"https:\/\/carnavallublin.eu\/en\/","name":"Carnaval Sztukmistrz\u00f3w","description":"","publisher":{"@id":"https:\/\/carnavallublin.eu\/en\/#organization"},"potentialAction":[{"@type":"SearchAction","target":{"@type":"EntryPoint","urlTemplate":"https:\/\/carnavallublin.eu\/en\/?s={search_term_string}"},"query-input":"required name=search_term_string"}],"inLanguage":"en-US"},{"@type":"Organization","@id":"https:\/\/carnavallublin.eu\/en\/#organization","name":"Carnaval Sztukmistrz\u00f3w","url":"https:\/\/carnavallublin.eu\/en\/","logo":{"@type":"ImageObject","inLanguage":"en-US","@id":"https:\/\/carnavallublin.eu\/en\/#\/schema\/logo\/image\/","url":"https:\/\/carnavallublin.eu\/wp-content\/uploads\/2022\/02\/logo_rgb_www.jpg","contentUrl":"https:\/\/carnavallublin.eu\/wp-content\/uploads\/2022\/02\/logo_rgb_www.jpg","width":1181,"height":689,"caption":"Carnaval Sztukmistrz\u00f3w"},"image":{"@id":"https:\/\/carnavallublin.eu\/en\/#\/schema\/logo\/image\/"}}]}},"_links":{"self":[{"href":"https:\/\/carnavallublin.eu\/en\/wp-json\/wp\/v2\/mec-events\/11853"}],"collection":[{"href":"https:\/\/carnavallublin.eu\/en\/wp-json\/wp\/v2\/mec-events"}],"about":[{"href":"https:\/\/carnavallublin.eu\/en\/wp-json\/wp\/v2\/types\/mec-events"}],"author":[{"embeddable":true,"href":"https:\/\/carnavallublin.eu\/en\/wp-json\/wp\/v2\/users\/13"}],"replies":[{"embeddable":true,"href":"https:\/\/carnavallublin.eu\/en\/wp-json\/wp\/v2\/comments?post=11853"}],"wp:featuredmedia":[{"embeddable":true,"href":"https:\/\/carnavallublin.eu\/en\/wp-json\/wp\/v2\/media\/11794"}],"wp:attachment":[{"href":"https:\/\/carnavallublin.eu\/en\/wp-json\/wp\/v2\/media?parent=11853"}],"wp:term":[{"taxonomy":"post_tag","embeddable":true,"href":"https:\/\/carnavallublin.eu\/en\/wp-json\/wp\/v2\/tags?post=11853"},{"taxonomy":"wydarzenie_artysta","embeddable":true,"href":"https:\/\/carnavallublin.eu\/en\/wp-json\/wp\/v2\/wydarzenie_artysta?post=11853"},{"taxonomy":"wydarzenie_miejsce","embeddable":true,"href":"https:\/\/carnavallublin.eu\/en\/wp-json\/wp\/v2\/wydarzenie_miejsce?post=11853"},{"taxonomy":"wydarzenie_sztuka","embeddable":true,"href":"https:\/\/carnavallublin.eu\/en\/wp-json\/wp\/v2\/wydarzenie_sztuka?post=11853"},{"taxonomy":"wydarzenie_modul","embeddable":true,"href":"https:\/\/carnavallublin.eu\/en\/wp-json\/wp\/v2\/wydarzenie_modul?post=11853"},{"taxonomy":"wydarzenie_dzien","embeddable":true,"href":"https:\/\/carnavallublin.eu\/en\/wp-json\/wp\/v2\/wydarzenie_dzien?post=11853"},{"taxonomy":"edycja_carnavallublin","embeddable":true,"href":"https:\/\/carnavallublin.eu\/en\/wp-json\/wp\/v2\/edycja_carnavallublin?post=11853"},{"taxonomy":"mec_category","embeddable":true,"href":"https:\/\/carnavallublin.eu\/en\/wp-json\/wp\/v2\/mec_category?post=11853"}],"curies":[{"name":"wp","href":"https:\/\/api.w.org\/{rel}","templated":true}]}}