{"id":12156,"date":"2026-07-07T11:24:21","date_gmt":"2026-07-07T09:24:21","guid":{"rendered":"https:\/\/carnavallublin.eu\/wydarzenia\/sebastien-wojdan-galapiat-cirque-desordre-fra\/"},"modified":"2026-07-22T12:46:12","modified_gmt":"2026-07-22T10:46:12","slug":"sebastien-wojdan-galapiat-cirque-desordre-fra","status":"publish","type":"mec-events","link":"https:\/\/carnavallublin.eu\/en\/wydarzenia\/sebastien-wojdan-galapiat-cirque-desordre-fra\/","title":{"rendered":"S\u00e9bastien Wojdan \/ Galapiat Cirque | \u201cD\u00e9sordre\u201d (FRA)"},"content":{"rendered":"<h2>About<\/h2>\n<p>This outdoor performance by the French collective Galapiat Cirque is a vibrant fusion of contemporary circus, theatre and performance art. Its creator and performer, S\u00e9bastien Wojdan, invites the audience to take part in an extraordinary ritual of encounter, where chaos becomes a source of beauty, humour and emotion.<\/p>\n<p>\u201cD\u00e9sordre\u201d is a retrospective of the artist\u2019s creative journey to date, filled with acrobatics, juggling, balancing, fire, dance, music and surprising object manipulation. The performance balances between risk and poetry, strength and fragility, laughter and reflection, constantly pushing the boundaries of circus technique and imagination.<\/p>\n<p>Wojdan\u2019s trademark closeness to the audience and his spontaneity make every performance a unique experience. It is a story of movement, freedom and togetherness, in which apparent disorder gradually reveals its own unexpected sense of order.<\/p>\n<h2>Details<\/h2>\n<p><strong>July 26, 2026<\/strong> (Sunday), 20:00<\/p>\n<h2>Accessibility<\/h2>\n<p><strong>Content warning:<\/strong> fire, pyrotechnic effects, acrobatics involving sharp objects, loud noise<\/p>\n<!-- default-view.php -->\n<div\n\tclass=\"ngg-galleryoverview default-view \"\n\tid=\"ngg-gallery-8cd7e422264dfa42948c6063f225c666-1\">\n\n\t\t<!-- Thumbnails -->\n\t\t\t\t<div id=\"ngg-image-0\" class=\"ngg-gallery-thumbnail-box \" >\n\t\t\t\t        <div class=\"ngg-gallery-thumbnail\">\n            <a href=\"https:\/\/carnavallublin.eu\/wp-content\/gallery\/desordre\/C2_A9RadekD_C4_85browski.jpg\"\n               title=\"\"\n               data-src=\"https:\/\/carnavallublin.eu\/wp-content\/gallery\/desordre\/C2_A9RadekD_C4_85browski.jpg\"\n               data-thumbnail=\"https:\/\/carnavallublin.eu\/wp-content\/gallery\/desordre\/thumbs\/thumbs_C2_A9RadekD_C4_85browski.jpg\"\n               data-image-id=\"708\"\n               data-title=\"M\u0119\u017cczyzna stoi na tam\u015bmie.  Pod nogami ma ma rozpalone ognisko i no\u017ce.\"\n               data-description=\"\"\n               data-image-slug=\"c2_a9radekd_c4_85browski\"\n               >\n                <img\n                    title=\"M\u0119\u017cczyzna stoi na tam\u015bmie.  Pod nogami ma ma rozpalone ognisko i no\u017ce.\"\n                    alt=\"M\u0119\u017cczyzna stoi na tam\u015bmie.  Pod nogami ma ma rozpalone ognisko i no\u017ce.\"\n                    src=\"https:\/\/carnavallublin.eu\/wp-content\/gallery\/desordre\/thumbs\/thumbs_C2_A9RadekD_C4_85browski.jpg\"\n                    width=\"240\"\n                    height=\"160\"\n                    style=\"max-width:100%;\"\n                \/>\n            <\/a>\n        <\/div>\n\t\t\t\t\t\t\t<\/div> \n\t\t\t\n\t\t\t\t<div id=\"ngg-image-1\" class=\"ngg-gallery-thumbnail-box \" >\n\t\t\t\t        <div class=\"ngg-gallery-thumbnail\">\n            <a href=\"https:\/\/carnavallublin.eu\/wp-content\/gallery\/desordre\/GalapiatCirque_MDD_2_C2_A9MathieuLeGall.jpg\"\n               title=\"\"\n               data-src=\"https:\/\/carnavallublin.eu\/wp-content\/gallery\/desordre\/GalapiatCirque_MDD_2_C2_A9MathieuLeGall.jpg\"\n               data-thumbnail=\"https:\/\/carnavallublin.eu\/wp-content\/gallery\/desordre\/thumbs\/thumbs_GalapiatCirque_MDD_2_C2_A9MathieuLeGall.jpg\"\n               data-image-id=\"709\"\n               data-title=\"M\u0119\u017cczyzna skacze przez no\u017ce.\"\n               data-description=\"\"\n               data-image-slug=\"galapiatcirque_mdd_2_c2_a9mathieulegall\"\n               >\n                <img\n                    title=\"M\u0119\u017cczyzna skacze przez no\u017ce.\"\n                    alt=\"M\u0119\u017cczyzna skacze przez no\u017ce.\"\n                    src=\"https:\/\/carnavallublin.eu\/wp-content\/gallery\/desordre\/thumbs\/thumbs_GalapiatCirque_MDD_2_C2_A9MathieuLeGall.jpg\"\n                    width=\"240\"\n                    height=\"160\"\n                    style=\"max-width:100%;\"\n                \/>\n            <\/a>\n        <\/div>\n\t\t\t\t\t\t\t<\/div> \n\t\t\t\n\t\t\t\t<div id=\"ngg-image-2\" class=\"ngg-gallery-thumbnail-box \" >\n\t\t\t\t        <div class=\"ngg-gallery-thumbnail\">\n            <a href=\"https:\/\/carnavallublin.eu\/wp-content\/gallery\/desordre\/GalapiatCirque_MDD_6_C2_A9MathieuLeGall1.jpg\"\n               title=\"\"\n               data-src=\"https:\/\/carnavallublin.eu\/wp-content\/gallery\/desordre\/GalapiatCirque_MDD_6_C2_A9MathieuLeGall1.jpg\"\n               data-thumbnail=\"https:\/\/carnavallublin.eu\/wp-content\/gallery\/desordre\/thumbs\/thumbs_GalapiatCirque_MDD_6_C2_A9MathieuLeGall1.jpg\"\n               data-image-id=\"710\"\n               data-title=\"M\u0119\u017cczyzna skacze mi\u0119dzy betonowymi schodkami.\"\n               data-description=\"\"\n               data-image-slug=\"galapiatcirque_mdd_6_c2_a9mathieulegall1\"\n               >\n                <img\n                    title=\"M\u0119\u017cczyzna skacze mi\u0119dzy betonowymi schodkami.\"\n                    alt=\"M\u0119\u017cczyzna skacze mi\u0119dzy betonowymi schodkami.\"\n                    src=\"https:\/\/carnavallublin.eu\/wp-content\/gallery\/desordre\/thumbs\/thumbs_GalapiatCirque_MDD_6_C2_A9MathieuLeGall1.jpg\"\n                    width=\"240\"\n                    height=\"160\"\n                    style=\"max-width:100%;\"\n                \/>\n            <\/a>\n        <\/div>\n\t\t\t\t\t\t\t<\/div> \n\t\t\t\n\t\t\t\t<div id=\"ngg-image-3\" class=\"ngg-gallery-thumbnail-box \" >\n\t\t\t\t        <div class=\"ngg-gallery-thumbnail\">\n            <a href=\"https:\/\/carnavallublin.eu\/wp-content\/gallery\/desordre\/GalapiatCirque_MDD_1_C2_A9MathieuLeGall.jpg\"\n               title=\"\"\n               data-src=\"https:\/\/carnavallublin.eu\/wp-content\/gallery\/desordre\/GalapiatCirque_MDD_1_C2_A9MathieuLeGall.jpg\"\n               data-thumbnail=\"https:\/\/carnavallublin.eu\/wp-content\/gallery\/desordre\/thumbs\/thumbs_GalapiatCirque_MDD_1_C2_A9MathieuLeGall.jpg\"\n               data-image-id=\"711\"\n               data-title=\"M\u0119\u017cczyzna wyci\u0105ga d\u0142o\u0144 w stron\u0119 publiczno\u015bci.\"\n               data-description=\"\"\n               data-image-slug=\"galapiatcirque_mdd_1_c2_a9mathieulegall\"\n               >\n                <img\n                    title=\"M\u0119\u017cczyzna wyci\u0105ga d\u0142o\u0144 w stron\u0119 publiczno\u015bci.\"\n                    alt=\"M\u0119\u017cczyzna wyci\u0105ga d\u0142o\u0144 w stron\u0119 publiczno\u015bci.\"\n                    src=\"https:\/\/carnavallublin.eu\/wp-content\/gallery\/desordre\/thumbs\/thumbs_GalapiatCirque_MDD_1_C2_A9MathieuLeGall.jpg\"\n                    width=\"240\"\n                    height=\"160\"\n                    style=\"max-width:100%;\"\n                \/>\n            <\/a>\n        <\/div>\n\t\t\t\t\t\t\t<\/div> \n\t\t\t\n\t\t\t\t<div id=\"ngg-image-4\" class=\"ngg-gallery-thumbnail-box \" >\n\t\t\t\t        <div class=\"ngg-gallery-thumbnail\">\n            <a href=\"https:\/\/carnavallublin.eu\/wp-content\/gallery\/desordre\/GalapiatCirque_MDD_3_C2_A9MathieuLeGall.jpg\"\n               title=\"\"\n               data-src=\"https:\/\/carnavallublin.eu\/wp-content\/gallery\/desordre\/GalapiatCirque_MDD_3_C2_A9MathieuLeGall.jpg\"\n               data-thumbnail=\"https:\/\/carnavallublin.eu\/wp-content\/gallery\/desordre\/thumbs\/thumbs_GalapiatCirque_MDD_3_C2_A9MathieuLeGall.jpg\"\n               data-image-id=\"712\"\n               data-title=\"M\u0119\u017cczyzna skacze przez no\u017ce.\"\n               data-description=\"\"\n               data-image-slug=\"galapiatcirque_mdd_3_c2_a9mathieulegall\"\n               >\n                <img\n                    title=\"M\u0119\u017cczyzna skacze przez no\u017ce.\"\n                    alt=\"M\u0119\u017cczyzna skacze przez no\u017ce.\"\n                    src=\"https:\/\/carnavallublin.eu\/wp-content\/gallery\/desordre\/thumbs\/thumbs_GalapiatCirque_MDD_3_C2_A9MathieuLeGall.jpg\"\n                    width=\"240\"\n                    height=\"160\"\n                    style=\"max-width:100%;\"\n                \/>\n            <\/a>\n        <\/div>\n\t\t\t\t\t\t\t<\/div> \n\t\t\t\n\t\t\t\t<div id=\"ngg-image-5\" class=\"ngg-gallery-thumbnail-box \" >\n\t\t\t\t        <div class=\"ngg-gallery-thumbnail\">\n            <a href=\"https:\/\/carnavallublin.eu\/wp-content\/gallery\/desordre\/GalapiatCirque_MDD_5_C2_A9MathieuLeGall1.jpg\"\n               title=\"\"\n               data-src=\"https:\/\/carnavallublin.eu\/wp-content\/gallery\/desordre\/GalapiatCirque_MDD_5_C2_A9MathieuLeGall1.jpg\"\n               data-thumbnail=\"https:\/\/carnavallublin.eu\/wp-content\/gallery\/desordre\/thumbs\/thumbs_GalapiatCirque_MDD_5_C2_A9MathieuLeGall1.jpg\"\n               data-image-id=\"713\"\n               data-title=\"M\u0119\u017cczyzna krzyczy w stron\u0119 publiczno\u015bci.\"\n               data-description=\"\"\n               data-image-slug=\"galapiatcirque_mdd_5_c2_a9mathieulegall1\"\n               >\n                <img\n                    title=\"M\u0119\u017cczyzna krzyczy w stron\u0119 publiczno\u015bci.\"\n                    alt=\"M\u0119\u017cczyzna krzyczy w stron\u0119 publiczno\u015bci.\"\n                    src=\"https:\/\/carnavallublin.eu\/wp-content\/gallery\/desordre\/thumbs\/thumbs_GalapiatCirque_MDD_5_C2_A9MathieuLeGall1.jpg\"\n                    width=\"240\"\n                    height=\"160\"\n                    style=\"max-width:100%;\"\n                \/>\n            <\/a>\n        <\/div>\n\t\t\t\t\t\t\t<\/div> \n\t\t\t\n\t\t\t\t<div id=\"ngg-image-6\" class=\"ngg-gallery-thumbnail-box \" >\n\t\t\t\t        <div class=\"ngg-gallery-thumbnail\">\n            <a href=\"https:\/\/carnavallublin.eu\/wp-content\/gallery\/desordre\/GalapiatCirque_MDD_5_C2_A9MathieuLeGall.jpg\"\n               title=\"\"\n               data-src=\"https:\/\/carnavallublin.eu\/wp-content\/gallery\/desordre\/GalapiatCirque_MDD_5_C2_A9MathieuLeGall.jpg\"\n               data-thumbnail=\"https:\/\/carnavallublin.eu\/wp-content\/gallery\/desordre\/thumbs\/thumbs_GalapiatCirque_MDD_5_C2_A9MathieuLeGall.jpg\"\n               data-image-id=\"714\"\n               data-title=\"M\u0119\u017cczyzna krzyczy w stron\u0119 publiczno\u015bci.\"\n               data-description=\"\"\n               data-image-slug=\"galapiatcirque_mdd_5_c2_a9mathieulegall\"\n               >\n                <img\n                    title=\"M\u0119\u017cczyzna krzyczy w stron\u0119 publiczno\u015bci.\"\n                    alt=\"M\u0119\u017cczyzna krzyczy w stron\u0119 publiczno\u015bci.\"\n                    src=\"https:\/\/carnavallublin.eu\/wp-content\/gallery\/desordre\/thumbs\/thumbs_GalapiatCirque_MDD_5_C2_A9MathieuLeGall.jpg\"\n                    width=\"240\"\n                    height=\"160\"\n                    style=\"max-width:100%;\"\n                \/>\n            <\/a>\n        <\/div>\n\t\t\t\t\t\t\t<\/div> \n\t\t\t\n\t\t\t\t<div id=\"ngg-image-7\" class=\"ngg-gallery-thumbnail-box \" >\n\t\t\t\t        <div class=\"ngg-gallery-thumbnail\">\n            <a href=\"https:\/\/carnavallublin.eu\/wp-content\/gallery\/desordre\/GalapiatCirque_MDD_4_C2_A9MathieuLeGall.jpg\"\n               title=\"\"\n               data-src=\"https:\/\/carnavallublin.eu\/wp-content\/gallery\/desordre\/GalapiatCirque_MDD_4_C2_A9MathieuLeGall.jpg\"\n               data-thumbnail=\"https:\/\/carnavallublin.eu\/wp-content\/gallery\/desordre\/thumbs\/thumbs_GalapiatCirque_MDD_4_C2_A9MathieuLeGall.jpg\"\n               data-image-id=\"715\"\n               data-title=\"M\u0119\u017cczyzna przewraca si\u0119 na ziemi\u0119.\"\n               data-description=\"\"\n               data-image-slug=\"galapiatcirque_mdd_4_c2_a9mathieulegall\"\n               >\n                <img\n                    title=\"M\u0119\u017cczyzna przewraca si\u0119 na ziemi\u0119.\"\n                    alt=\"M\u0119\u017cczyzna przewraca si\u0119 na ziemi\u0119.\"\n                    src=\"https:\/\/carnavallublin.eu\/wp-content\/gallery\/desordre\/thumbs\/thumbs_GalapiatCirque_MDD_4_C2_A9MathieuLeGall.jpg\"\n                    width=\"240\"\n                    height=\"160\"\n                    style=\"max-width:100%;\"\n                \/>\n            <\/a>\n        <\/div>\n\t\t\t\t\t\t\t<\/div> \n\t\t\t\n\t\n\t<br style=\"clear: both\" \/>\n\n\t\n\t\t<!-- Pagination -->\n\t<div class='ngg-clear'><\/div>\t<\/div>\n\n<p><a href=\"http:\/\/perla.pl\/en\"><img decoding=\"async\" class=\"alignnone wp-image-12488 size-medium\" src=\"https:\/\/carnavallublin.eu\/wp-content\/uploads\/2026\/07\/Perla-logo-300x146.png\" alt=\"\" width=\"300\" height=\"146\" srcset=\"https:\/\/carnavallublin.eu\/wp-content\/uploads\/2026\/07\/Perla-logo-200x97.png 200w, https:\/\/carnavallublin.eu\/wp-content\/uploads\/2026\/07\/Perla-logo-300x146.png 300w, https:\/\/carnavallublin.eu\/wp-content\/uploads\/2026\/07\/Perla-logo-400x194.png 400w, https:\/\/carnavallublin.eu\/wp-content\/uploads\/2026\/07\/Perla-logo-600x291.png 600w, https:\/\/carnavallublin.eu\/wp-content\/uploads\/2026\/07\/Perla-logo.png 663w\" sizes=\"(max-width: 300px) 100vw, 300px\" \/><\/a><\/p>\n<p>&nbsp;<\/p>\n<p>Per\u0142a \u2013 Browary Lubelskie S.A. is the sponsor of Carnaval Sztukmistrz\u00f3w 2026.<\/p>\n","protected":false},"excerpt":{"rendered":"<p>About This outdoor performance by the French collective Galapiat Cirque [&hellip;]<\/p>\n","protected":false},"author":13,"featured_media":12076,"comment_status":"closed","ping_status":"closed","template":"","meta":{"ngg_post_thumbnail":0},"tags":[],"wydarzenie_artysta":[430],"wydarzenie_miejsce":[483],"wydarzenie_sztuka":[58,418,537],"wydarzenie_modul":[548],"wydarzenie_dzien":[423],"edycja_carnavallublin":[417],"mec_category":[],"acf":[],"yoast_head":"<!-- This site is optimized with the Yoast SEO plugin v22.2 - https:\/\/yoast.com\/wordpress\/plugins\/seo\/ -->\n<title>S\u00e9bastien Wojdan \/ Galapiat Cirque | \u201cD\u00e9sordre\u201d (FRA) - Carnaval Sztukmistrz\u00f3w<\/title>\n<meta name=\"robots\" content=\"index, follow, max-snippet:-1, max-image-preview:large, max-video-preview:-1\" \/>\n<link rel=\"canonical\" href=\"https:\/\/carnavallublin.eu\/en\/wydarzenia\/sebastien-wojdan-galapiat-cirque-desordre-fra\/\" \/>\n<meta property=\"og:locale\" content=\"en_US\" \/>\n<meta property=\"og:type\" content=\"article\" \/>\n<meta property=\"og:title\" content=\"S\u00e9bastien Wojdan \/ Galapiat Cirque | \u201cD\u00e9sordre\u201d (FRA) - Carnaval Sztukmistrz\u00f3w\" \/>\n<meta property=\"og:description\" content=\"About This outdoor performance by the French collective Galapiat Cirque [&hellip;]\" \/>\n<meta property=\"og:url\" content=\"https:\/\/carnavallublin.eu\/en\/wydarzenia\/sebastien-wojdan-galapiat-cirque-desordre-fra\/\" \/>\n<meta property=\"og:site_name\" content=\"Carnaval Sztukmistrz\u00f3w\" \/>\n<meta property=\"article:modified_time\" content=\"2026-07-22T10:46:12+00:00\" \/>\n<meta property=\"og:image\" content=\"https:\/\/carnavallublin.eu\/wp-content\/uploads\/2026\/07\/Desordre.jpg\" \/>\n\t<meta property=\"og:image:width\" content=\"1920\" \/>\n\t<meta property=\"og:image:height\" content=\"1080\" \/>\n\t<meta property=\"og:image:type\" content=\"image\/jpeg\" \/>\n<meta name=\"twitter:card\" content=\"summary_large_image\" \/>\n<meta name=\"twitter:label1\" content=\"Est. reading time\" \/>\n\t<meta name=\"twitter:data1\" content=\"2 minutes\" \/>\n<script type=\"application\/ld+json\" class=\"yoast-schema-graph\">{\"@context\":\"https:\/\/schema.org\",\"@graph\":[{\"@type\":\"WebPage\",\"@id\":\"https:\/\/carnavallublin.eu\/en\/wydarzenia\/sebastien-wojdan-galapiat-cirque-desordre-fra\/\",\"url\":\"https:\/\/carnavallublin.eu\/en\/wydarzenia\/sebastien-wojdan-galapiat-cirque-desordre-fra\/\",\"name\":\"S\u00e9bastien Wojdan \/ Galapiat Cirque | \u201cD\u00e9sordre\u201d (FRA) - Carnaval Sztukmistrz\u00f3w\",\"isPartOf\":{\"@id\":\"https:\/\/carnavallublin.eu\/en\/#website\"},\"primaryImageOfPage\":{\"@id\":\"https:\/\/carnavallublin.eu\/en\/wydarzenia\/sebastien-wojdan-galapiat-cirque-desordre-fra\/#primaryimage\"},\"image\":{\"@id\":\"https:\/\/carnavallublin.eu\/en\/wydarzenia\/sebastien-wojdan-galapiat-cirque-desordre-fra\/#primaryimage\"},\"thumbnailUrl\":\"https:\/\/carnavallublin.eu\/wp-content\/uploads\/2026\/07\/Desordre.jpg\",\"datePublished\":\"2026-07-07T09:24:21+00:00\",\"dateModified\":\"2026-07-22T10:46:12+00:00\",\"breadcrumb\":{\"@id\":\"https:\/\/carnavallublin.eu\/en\/wydarzenia\/sebastien-wojdan-galapiat-cirque-desordre-fra\/#breadcrumb\"},\"inLanguage\":\"en-US\",\"potentialAction\":[{\"@type\":\"ReadAction\",\"target\":[\"https:\/\/carnavallublin.eu\/en\/wydarzenia\/sebastien-wojdan-galapiat-cirque-desordre-fra\/\"]}]},{\"@type\":\"ImageObject\",\"inLanguage\":\"en-US\",\"@id\":\"https:\/\/carnavallublin.eu\/en\/wydarzenia\/sebastien-wojdan-galapiat-cirque-desordre-fra\/#primaryimage\",\"url\":\"https:\/\/carnavallublin.eu\/wp-content\/uploads\/2026\/07\/Desordre.jpg\",\"contentUrl\":\"https:\/\/carnavallublin.eu\/wp-content\/uploads\/2026\/07\/Desordre.jpg\",\"width\":1920,\"height\":1080,\"caption\":\"M\u0119\u017cczyzna chodzi po ta\u015bmie. Pod stopami ma ustawione pionowo no\u017ce i ogie\u0144.\"},{\"@type\":\"BreadcrumbList\",\"@id\":\"https:\/\/carnavallublin.eu\/en\/wydarzenia\/sebastien-wojdan-galapiat-cirque-desordre-fra\/#breadcrumb\",\"itemListElement\":[{\"@type\":\"ListItem\",\"position\":1,\"name\":\"Strona g\u0142\u00f3wna\",\"item\":\"https:\/\/carnavallublin.eu\/en\/\"},{\"@type\":\"ListItem\",\"position\":2,\"name\":\"Events\",\"item\":\"https:\/\/carnavallublin.eu\/en\/wydarzenia\/\"},{\"@type\":\"ListItem\",\"position\":3,\"name\":\"S\u00e9bastien Wojdan \/ Galapiat Cirque | \u201cD\u00e9sordre\u201d (FRA)\"}]},{\"@type\":\"WebSite\",\"@id\":\"https:\/\/carnavallublin.eu\/en\/#website\",\"url\":\"https:\/\/carnavallublin.eu\/en\/\",\"name\":\"Carnaval Sztukmistrz\u00f3w\",\"description\":\"\",\"publisher\":{\"@id\":\"https:\/\/carnavallublin.eu\/en\/#organization\"},\"potentialAction\":[{\"@type\":\"SearchAction\",\"target\":{\"@type\":\"EntryPoint\",\"urlTemplate\":\"https:\/\/carnavallublin.eu\/en\/?s={search_term_string}\"},\"query-input\":\"required name=search_term_string\"}],\"inLanguage\":\"en-US\"},{\"@type\":\"Organization\",\"@id\":\"https:\/\/carnavallublin.eu\/en\/#organization\",\"name\":\"Carnaval Sztukmistrz\u00f3w\",\"url\":\"https:\/\/carnavallublin.eu\/en\/\",\"logo\":{\"@type\":\"ImageObject\",\"inLanguage\":\"en-US\",\"@id\":\"https:\/\/carnavallublin.eu\/en\/#\/schema\/logo\/image\/\",\"url\":\"https:\/\/carnavallublin.eu\/wp-content\/uploads\/2022\/02\/logo_rgb_www.jpg\",\"contentUrl\":\"https:\/\/carnavallublin.eu\/wp-content\/uploads\/2022\/02\/logo_rgb_www.jpg\",\"width\":1181,\"height\":689,\"caption\":\"Carnaval Sztukmistrz\u00f3w\"},\"image\":{\"@id\":\"https:\/\/carnavallublin.eu\/en\/#\/schema\/logo\/image\/\"}}]}<\/script>\n<!-- \/ Yoast SEO plugin. -->","yoast_head_json":{"title":"S\u00e9bastien Wojdan \/ Galapiat Cirque | \u201cD\u00e9sordre\u201d (FRA) - Carnaval Sztukmistrz\u00f3w","robots":{"index":"index","follow":"follow","max-snippet":"max-snippet:-1","max-image-preview":"max-image-preview:large","max-video-preview":"max-video-preview:-1"},"canonical":"https:\/\/carnavallublin.eu\/en\/wydarzenia\/sebastien-wojdan-galapiat-cirque-desordre-fra\/","og_locale":"en_US","og_type":"article","og_title":"S\u00e9bastien Wojdan \/ Galapiat Cirque | \u201cD\u00e9sordre\u201d (FRA) - Carnaval Sztukmistrz\u00f3w","og_description":"About This outdoor performance by the French collective Galapiat Cirque [&hellip;]","og_url":"https:\/\/carnavallublin.eu\/en\/wydarzenia\/sebastien-wojdan-galapiat-cirque-desordre-fra\/","og_site_name":"Carnaval Sztukmistrz\u00f3w","article_modified_time":"2026-07-22T10:46:12+00:00","og_image":[{"width":1920,"height":1080,"url":"https:\/\/carnavallublin.eu\/wp-content\/uploads\/2026\/07\/Desordre.jpg","type":"image\/jpeg"}],"twitter_card":"summary_large_image","twitter_misc":{"Est. reading time":"2 minutes"},"schema":{"@context":"https:\/\/schema.org","@graph":[{"@type":"WebPage","@id":"https:\/\/carnavallublin.eu\/en\/wydarzenia\/sebastien-wojdan-galapiat-cirque-desordre-fra\/","url":"https:\/\/carnavallublin.eu\/en\/wydarzenia\/sebastien-wojdan-galapiat-cirque-desordre-fra\/","name":"S\u00e9bastien Wojdan \/ Galapiat Cirque | \u201cD\u00e9sordre\u201d (FRA) - Carnaval Sztukmistrz\u00f3w","isPartOf":{"@id":"https:\/\/carnavallublin.eu\/en\/#website"},"primaryImageOfPage":{"@id":"https:\/\/carnavallublin.eu\/en\/wydarzenia\/sebastien-wojdan-galapiat-cirque-desordre-fra\/#primaryimage"},"image":{"@id":"https:\/\/carnavallublin.eu\/en\/wydarzenia\/sebastien-wojdan-galapiat-cirque-desordre-fra\/#primaryimage"},"thumbnailUrl":"https:\/\/carnavallublin.eu\/wp-content\/uploads\/2026\/07\/Desordre.jpg","datePublished":"2026-07-07T09:24:21+00:00","dateModified":"2026-07-22T10:46:12+00:00","breadcrumb":{"@id":"https:\/\/carnavallublin.eu\/en\/wydarzenia\/sebastien-wojdan-galapiat-cirque-desordre-fra\/#breadcrumb"},"inLanguage":"en-US","potentialAction":[{"@type":"ReadAction","target":["https:\/\/carnavallublin.eu\/en\/wydarzenia\/sebastien-wojdan-galapiat-cirque-desordre-fra\/"]}]},{"@type":"ImageObject","inLanguage":"en-US","@id":"https:\/\/carnavallublin.eu\/en\/wydarzenia\/sebastien-wojdan-galapiat-cirque-desordre-fra\/#primaryimage","url":"https:\/\/carnavallublin.eu\/wp-content\/uploads\/2026\/07\/Desordre.jpg","contentUrl":"https:\/\/carnavallublin.eu\/wp-content\/uploads\/2026\/07\/Desordre.jpg","width":1920,"height":1080,"caption":"M\u0119\u017cczyzna chodzi po ta\u015bmie. Pod stopami ma ustawione pionowo no\u017ce i ogie\u0144."},{"@type":"BreadcrumbList","@id":"https:\/\/carnavallublin.eu\/en\/wydarzenia\/sebastien-wojdan-galapiat-cirque-desordre-fra\/#breadcrumb","itemListElement":[{"@type":"ListItem","position":1,"name":"Strona g\u0142\u00f3wna","item":"https:\/\/carnavallublin.eu\/en\/"},{"@type":"ListItem","position":2,"name":"Events","item":"https:\/\/carnavallublin.eu\/en\/wydarzenia\/"},{"@type":"ListItem","position":3,"name":"S\u00e9bastien Wojdan \/ Galapiat Cirque | \u201cD\u00e9sordre\u201d (FRA)"}]},{"@type":"WebSite","@id":"https:\/\/carnavallublin.eu\/en\/#website","url":"https:\/\/carnavallublin.eu\/en\/","name":"Carnaval Sztukmistrz\u00f3w","description":"","publisher":{"@id":"https:\/\/carnavallublin.eu\/en\/#organization"},"potentialAction":[{"@type":"SearchAction","target":{"@type":"EntryPoint","urlTemplate":"https:\/\/carnavallublin.eu\/en\/?s={search_term_string}"},"query-input":"required name=search_term_string"}],"inLanguage":"en-US"},{"@type":"Organization","@id":"https:\/\/carnavallublin.eu\/en\/#organization","name":"Carnaval Sztukmistrz\u00f3w","url":"https:\/\/carnavallublin.eu\/en\/","logo":{"@type":"ImageObject","inLanguage":"en-US","@id":"https:\/\/carnavallublin.eu\/en\/#\/schema\/logo\/image\/","url":"https:\/\/carnavallublin.eu\/wp-content\/uploads\/2022\/02\/logo_rgb_www.jpg","contentUrl":"https:\/\/carnavallublin.eu\/wp-content\/uploads\/2022\/02\/logo_rgb_www.jpg","width":1181,"height":689,"caption":"Carnaval Sztukmistrz\u00f3w"},"image":{"@id":"https:\/\/carnavallublin.eu\/en\/#\/schema\/logo\/image\/"}}]}},"_links":{"self":[{"href":"https:\/\/carnavallublin.eu\/en\/wp-json\/wp\/v2\/mec-events\/12156"}],"collection":[{"href":"https:\/\/carnavallublin.eu\/en\/wp-json\/wp\/v2\/mec-events"}],"about":[{"href":"https:\/\/carnavallublin.eu\/en\/wp-json\/wp\/v2\/types\/mec-events"}],"author":[{"embeddable":true,"href":"https:\/\/carnavallublin.eu\/en\/wp-json\/wp\/v2\/users\/13"}],"replies":[{"embeddable":true,"href":"https:\/\/carnavallublin.eu\/en\/wp-json\/wp\/v2\/comments?post=12156"}],"wp:featuredmedia":[{"embeddable":true,"href":"https:\/\/carnavallublin.eu\/en\/wp-json\/wp\/v2\/media\/12076"}],"wp:attachment":[{"href":"https:\/\/carnavallublin.eu\/en\/wp-json\/wp\/v2\/media?parent=12156"}],"wp:term":[{"taxonomy":"post_tag","embeddable":true,"href":"https:\/\/carnavallublin.eu\/en\/wp-json\/wp\/v2\/tags?post=12156"},{"taxonomy":"wydarzenie_artysta","embeddable":true,"href":"https:\/\/carnavallublin.eu\/en\/wp-json\/wp\/v2\/wydarzenie_artysta?post=12156"},{"taxonomy":"wydarzenie_miejsce","embeddable":true,"href":"https:\/\/carnavallublin.eu\/en\/wp-json\/wp\/v2\/wydarzenie_miejsce?post=12156"},{"taxonomy":"wydarzenie_sztuka","embeddable":true,"href":"https:\/\/carnavallublin.eu\/en\/wp-json\/wp\/v2\/wydarzenie_sztuka?post=12156"},{"taxonomy":"wydarzenie_modul","embeddable":true,"href":"https:\/\/carnavallublin.eu\/en\/wp-json\/wp\/v2\/wydarzenie_modul?post=12156"},{"taxonomy":"wydarzenie_dzien","embeddable":true,"href":"https:\/\/carnavallublin.eu\/en\/wp-json\/wp\/v2\/wydarzenie_dzien?post=12156"},{"taxonomy":"edycja_carnavallublin","embeddable":true,"href":"https:\/\/carnavallublin.eu\/en\/wp-json\/wp\/v2\/edycja_carnavallublin?post=12156"},{"taxonomy":"mec_category","embeddable":true,"href":"https:\/\/carnavallublin.eu\/en\/wp-json\/wp\/v2\/mec_category?post=12156"}],"curies":[{"name":"wp","href":"https:\/\/api.w.org\/{rel}","templated":true}]}}