{"id":12159,"date":"2026-07-07T13:17:58","date_gmt":"2026-07-07T11:17:58","guid":{"rendered":"https:\/\/carnavallublin.eu\/wydarzenia\/la-bande-a-tyrex-fra\/"},"modified":"2026-07-22T17:29:44","modified_gmt":"2026-07-22T15:29:44","slug":"la-bande-a-tyrex-fra","status":"publish","type":"mec-events","link":"https:\/\/carnavallublin.eu\/en\/wydarzenia\/la-bande-a-tyrex-fra\/","title":{"rendered":"Concert of La Bande \u00e0 Tyrex (FRA)"},"content":{"rendered":"<h2>About<\/h2>\n<p>La Bande \u00e0 Tyrex is a group that combines music, stage energy and a spectacular visual performance. The French artists present a lively concert based on well-known soul and pop hits, giving them their own original arrangements. The performance stands out for its spontaneous atmosphere, generous dose of humour and close interaction with the audience. It is a musical show full of rhythm, dance and positive energy, inviting spectators to join in the fun and creating an unforgettable concert experience.<\/p>\n<h2>Details<\/h2>\n<p><strong>July 24, 2026<\/strong> (Friday), 22:00<\/p>\n<!-- default-view.php -->\n<div\n\tclass=\"ngg-galleryoverview default-view \"\n\tid=\"ngg-gallery-4cd3698de313077a9c1df966817967c9-1\">\n\n\t\t<!-- Thumbnails -->\n\t\t\t\t<div id=\"ngg-image-0\" class=\"ngg-gallery-thumbnail-box \" >\n\t\t\t\t        <div class=\"ngg-gallery-thumbnail\">\n            <a href=\"https:\/\/carnavallublin.eu\/wp-content\/gallery\/la-bande-a-tyrex\/E2_94_AC_C4_99Zelie_Noreda-Tyrex_2.jpeg\"\n               title=\"\"\n               data-src=\"https:\/\/carnavallublin.eu\/wp-content\/gallery\/la-bande-a-tyrex\/E2_94_AC_C4_99Zelie_Noreda-Tyrex_2.jpeg\"\n               data-thumbnail=\"https:\/\/carnavallublin.eu\/wp-content\/gallery\/la-bande-a-tyrex\/thumbs\/thumbs_E2_94_AC_C4_99Zelie_Noreda-Tyrex_2.jpeg\"\n               data-image-id=\"793\"\n               data-title=\"Dwaj m\u0119\u017cczy\u017ani stoj\u0105 na jad\u0105cym rowerze.\"\n               data-description=\"\"\n               data-image-slug=\"e2_94_ac_c4_99zelie_noreda-tyrex_2\"\n               >\n                <img\n                    title=\"Dwaj m\u0119\u017cczy\u017ani stoj\u0105 na jad\u0105cym rowerze.\"\n                    alt=\"Dwaj m\u0119\u017cczy\u017ani stoj\u0105 na jad\u0105cym rowerze.\"\n                    src=\"https:\/\/carnavallublin.eu\/wp-content\/gallery\/la-bande-a-tyrex\/thumbs\/thumbs_E2_94_AC_C4_99Zelie_Noreda-Tyrex_2.jpeg\"\n                    width=\"240\"\n                    height=\"160\"\n                    style=\"max-width:100%;\"\n                \/>\n            <\/a>\n        <\/div>\n\t\t\t\t\t\t\t<\/div> \n\t\t\t\n\t\t\t\t<div id=\"ngg-image-1\" class=\"ngg-gallery-thumbnail-box \" >\n\t\t\t\t        <div class=\"ngg-gallery-thumbnail\">\n            <a href=\"https:\/\/carnavallublin.eu\/wp-content\/gallery\/la-bande-a-tyrex\/E2_94_AC_C4_99PierreBarbier-Tyrex1_resized.jpg\"\n               title=\"\"\n               data-src=\"https:\/\/carnavallublin.eu\/wp-content\/gallery\/la-bande-a-tyrex\/E2_94_AC_C4_99PierreBarbier-Tyrex1_resized.jpg\"\n               data-thumbnail=\"https:\/\/carnavallublin.eu\/wp-content\/gallery\/la-bande-a-tyrex\/thumbs\/thumbs_E2_94_AC_C4_99PierreBarbier-Tyrex1_resized.jpg\"\n               data-image-id=\"794\"\n               data-title=\"Grupa os\u00f3b je\u017adzi i wykonuje r\u00f3\u017cne akrobacje na rowerach.\"\n               data-description=\"\"\n               data-image-slug=\"e2_94_ac_c4_99pierrebarbier-tyrex1_resized\"\n               >\n                <img\n                    title=\"Grupa os\u00f3b je\u017adzi i wykonuje r\u00f3\u017cne akrobacje na rowerach.\"\n                    alt=\"Grupa os\u00f3b je\u017adzi i wykonuje r\u00f3\u017cne akrobacje na rowerach.\"\n                    src=\"https:\/\/carnavallublin.eu\/wp-content\/gallery\/la-bande-a-tyrex\/thumbs\/thumbs_E2_94_AC_C4_99PierreBarbier-Tyrex1_resized.jpg\"\n                    width=\"240\"\n                    height=\"160\"\n                    style=\"max-width:100%;\"\n                \/>\n            <\/a>\n        <\/div>\n\t\t\t\t\t\t\t<\/div> \n\t\t\t\n\t\t\t\t<div id=\"ngg-image-2\" class=\"ngg-gallery-thumbnail-box \" >\n\t\t\t\t        <div class=\"ngg-gallery-thumbnail\">\n            <a href=\"https:\/\/carnavallublin.eu\/wp-content\/gallery\/la-bande-a-tyrex\/E2_94_AC_C4_99Alexis_Sarremejane_-Tyrex-2.jpg\"\n               title=\"\"\n               data-src=\"https:\/\/carnavallublin.eu\/wp-content\/gallery\/la-bande-a-tyrex\/E2_94_AC_C4_99Alexis_Sarremejane_-Tyrex-2.jpg\"\n               data-thumbnail=\"https:\/\/carnavallublin.eu\/wp-content\/gallery\/la-bande-a-tyrex\/thumbs\/thumbs_E2_94_AC_C4_99Alexis_Sarremejane_-Tyrex-2.jpg\"\n               data-image-id=\"795\"\n               data-title=\"M\u0119\u017cczyzna jedzie na rowerze. Dooko\u0142a jest publiczno\u015b\u0107.\"\n               data-description=\"\"\n               data-image-slug=\"e2_94_ac_c4_99alexis_sarremejane_-tyrex-2\"\n               >\n                <img\n                    title=\"M\u0119\u017cczyzna jedzie na rowerze. Dooko\u0142a jest publiczno\u015b\u0107.\"\n                    alt=\"M\u0119\u017cczyzna jedzie na rowerze. Dooko\u0142a jest publiczno\u015b\u0107.\"\n                    src=\"https:\/\/carnavallublin.eu\/wp-content\/gallery\/la-bande-a-tyrex\/thumbs\/thumbs_E2_94_AC_C4_99Alexis_Sarremejane_-Tyrex-2.jpg\"\n                    width=\"240\"\n                    height=\"160\"\n                    style=\"max-width:100%;\"\n                \/>\n            <\/a>\n        <\/div>\n\t\t\t\t\t\t\t<\/div> \n\t\t\t\n\t\t\t\t<div id=\"ngg-image-3\" class=\"ngg-gallery-thumbnail-box \" >\n\t\t\t\t        <div class=\"ngg-gallery-thumbnail\">\n            <a href=\"https:\/\/carnavallublin.eu\/wp-content\/gallery\/la-bande-a-tyrex\/E2_94_AC_C4_99Alexis_Sarremejane_-Tyrex-1.jpg\"\n               title=\"\"\n               data-src=\"https:\/\/carnavallublin.eu\/wp-content\/gallery\/la-bande-a-tyrex\/E2_94_AC_C4_99Alexis_Sarremejane_-Tyrex-1.jpg\"\n               data-thumbnail=\"https:\/\/carnavallublin.eu\/wp-content\/gallery\/la-bande-a-tyrex\/thumbs\/thumbs_E2_94_AC_C4_99Alexis_Sarremejane_-Tyrex-1.jpg\"\n               data-image-id=\"796\"\n               data-title=\"Grupa os\u00f3b je\u017adzi i wykonuje r\u00f3\u017cne akrobacje na rowerach.\"\n               data-description=\"\"\n               data-image-slug=\"e2_94_ac_c4_99alexis_sarremejane_-tyrex-1\"\n               >\n                <img\n                    title=\"Grupa os\u00f3b je\u017adzi i wykonuje r\u00f3\u017cne akrobacje na rowerach.\"\n                    alt=\"Grupa os\u00f3b je\u017adzi i wykonuje r\u00f3\u017cne akrobacje na rowerach.\"\n                    src=\"https:\/\/carnavallublin.eu\/wp-content\/gallery\/la-bande-a-tyrex\/thumbs\/thumbs_E2_94_AC_C4_99Alexis_Sarremejane_-Tyrex-1.jpg\"\n                    width=\"240\"\n                    height=\"160\"\n                    style=\"max-width:100%;\"\n                \/>\n            <\/a>\n        <\/div>\n\t\t\t\t\t\t\t<\/div> \n\t\t\t\n\t\t\t\t<div id=\"ngg-image-4\" class=\"ngg-gallery-thumbnail-box \" >\n\t\t\t\t        <div class=\"ngg-gallery-thumbnail\">\n            <a href=\"https:\/\/carnavallublin.eu\/wp-content\/gallery\/la-bande-a-tyrex\/E2_94_AC_C4_99Engelmann_Fotografie-La_Bande_a_E2_95_A0_C3_87_Tyrex_3.jpg\"\n               title=\"\"\n               data-src=\"https:\/\/carnavallublin.eu\/wp-content\/gallery\/la-bande-a-tyrex\/E2_94_AC_C4_99Engelmann_Fotografie-La_Bande_a_E2_95_A0_C3_87_Tyrex_3.jpg\"\n               data-thumbnail=\"https:\/\/carnavallublin.eu\/wp-content\/gallery\/la-bande-a-tyrex\/thumbs\/thumbs_E2_94_AC_C4_99Engelmann_Fotografie-La_Bande_a_E2_95_A0_C3_87_Tyrex_3.jpg\"\n               data-image-id=\"797\"\n               data-title=\"Grupa os\u00f3b je\u017adzi i wykonuje r\u00f3\u017cne akrobacje na rowerze.\"\n               data-description=\"\"\n               data-image-slug=\"e2_94_ac_c4_99engelmann_fotografie-la_bande_a_e2_95_a0_c3_87_tyrex_3\"\n               >\n                <img\n                    title=\"Grupa os\u00f3b je\u017adzi i wykonuje r\u00f3\u017cne akrobacje na rowerze.\"\n                    alt=\"Grupa os\u00f3b je\u017adzi i wykonuje r\u00f3\u017cne akrobacje na rowerze.\"\n                    src=\"https:\/\/carnavallublin.eu\/wp-content\/gallery\/la-bande-a-tyrex\/thumbs\/thumbs_E2_94_AC_C4_99Engelmann_Fotografie-La_Bande_a_E2_95_A0_C3_87_Tyrex_3.jpg\"\n                    width=\"240\"\n                    height=\"160\"\n                    style=\"max-width:100%;\"\n                \/>\n            <\/a>\n        <\/div>\n\t\t\t\t\t\t\t<\/div> \n\t\t\t\n\t\n\t<br style=\"clear: both\" \/>\n\n\t\n\t\t<!-- Pagination -->\n\t<div class='ngg-clear'><\/div>\t<\/div>\n\n<p><a href=\"http:\/\/perla.pl\/en\"><img decoding=\"async\" class=\"alignnone wp-image-12488 size-medium\" src=\"https:\/\/carnavallublin.eu\/wp-content\/uploads\/2026\/07\/Perla-logo-300x146.png\" alt=\"\" width=\"300\" height=\"146\" srcset=\"https:\/\/carnavallublin.eu\/wp-content\/uploads\/2026\/07\/Perla-logo-200x97.png 200w, https:\/\/carnavallublin.eu\/wp-content\/uploads\/2026\/07\/Perla-logo-300x146.png 300w, https:\/\/carnavallublin.eu\/wp-content\/uploads\/2026\/07\/Perla-logo-400x194.png 400w, https:\/\/carnavallublin.eu\/wp-content\/uploads\/2026\/07\/Perla-logo-600x291.png 600w, https:\/\/carnavallublin.eu\/wp-content\/uploads\/2026\/07\/Perla-logo.png 663w\" sizes=\"(max-width: 300px) 100vw, 300px\" \/><\/a><\/p>\n<p>&nbsp;<\/p>\n<p>Per\u0142a \u2013 Browary Lubelskie S.A. is the sponsor of Carnaval Sztukmistrz\u00f3w 2026.<\/p>\n","protected":false},"excerpt":{"rendered":"<p>About La Bande \u00e0 Tyrex is a group that combines [&hellip;]<\/p>\n","protected":false},"author":13,"featured_media":11565,"comment_status":"closed","ping_status":"closed","template":"","meta":{"ngg_post_thumbnail":0},"tags":[],"wydarzenie_artysta":[437],"wydarzenie_miejsce":[483],"wydarzenie_sztuka":[509,205,508,511,130,510],"wydarzenie_modul":[304],"wydarzenie_dzien":[432],"edycja_carnavallublin":[417],"mec_category":[],"acf":[],"yoast_head":"<!-- This site is optimized with the Yoast SEO plugin v22.2 - https:\/\/yoast.com\/wordpress\/plugins\/seo\/ -->\n<title>Concert of La Bande \u00e0 Tyrex (FRA) - Carnaval Sztukmistrz\u00f3w<\/title>\n<meta name=\"robots\" content=\"index, follow, max-snippet:-1, max-image-preview:large, max-video-preview:-1\" \/>\n<link rel=\"canonical\" href=\"https:\/\/carnavallublin.eu\/en\/wydarzenia\/la-bande-a-tyrex-fra\/\" \/>\n<meta property=\"og:locale\" content=\"en_US\" \/>\n<meta property=\"og:type\" content=\"article\" \/>\n<meta property=\"og:title\" content=\"Concert of La Bande \u00e0 Tyrex (FRA) - Carnaval Sztukmistrz\u00f3w\" \/>\n<meta property=\"og:description\" content=\"About La Bande \u00e0 Tyrex is a group that combines [&hellip;]\" \/>\n<meta property=\"og:url\" content=\"https:\/\/carnavallublin.eu\/en\/wydarzenia\/la-bande-a-tyrex-fra\/\" \/>\n<meta property=\"og:site_name\" content=\"Carnaval Sztukmistrz\u00f3w\" \/>\n<meta property=\"article:modified_time\" content=\"2026-07-22T15:29:44+00:00\" \/>\n<meta property=\"og:image\" content=\"https:\/\/carnavallublin.eu\/wp-content\/uploads\/2026\/06\/La-Bande-a-Tyrex.jpg\" \/>\n\t<meta property=\"og:image:width\" content=\"1920\" \/>\n\t<meta property=\"og:image:height\" content=\"1080\" \/>\n\t<meta property=\"og:image:type\" content=\"image\/jpeg\" \/>\n<meta name=\"twitter:card\" content=\"summary_large_image\" \/>\n<meta name=\"twitter:label1\" content=\"Est. reading time\" \/>\n\t<meta name=\"twitter:data1\" content=\"2 minutes\" \/>\n<script type=\"application\/ld+json\" class=\"yoast-schema-graph\">{\"@context\":\"https:\/\/schema.org\",\"@graph\":[{\"@type\":\"WebPage\",\"@id\":\"https:\/\/carnavallublin.eu\/en\/wydarzenia\/la-bande-a-tyrex-fra\/\",\"url\":\"https:\/\/carnavallublin.eu\/en\/wydarzenia\/la-bande-a-tyrex-fra\/\",\"name\":\"Concert of La Bande \u00e0 Tyrex (FRA) - Carnaval Sztukmistrz\u00f3w\",\"isPartOf\":{\"@id\":\"https:\/\/carnavallublin.eu\/en\/#website\"},\"primaryImageOfPage\":{\"@id\":\"https:\/\/carnavallublin.eu\/en\/wydarzenia\/la-bande-a-tyrex-fra\/#primaryimage\"},\"image\":{\"@id\":\"https:\/\/carnavallublin.eu\/en\/wydarzenia\/la-bande-a-tyrex-fra\/#primaryimage\"},\"thumbnailUrl\":\"https:\/\/carnavallublin.eu\/wp-content\/uploads\/2026\/06\/La-Bande-a-Tyrex.jpg\",\"datePublished\":\"2026-07-07T11:17:58+00:00\",\"dateModified\":\"2026-07-22T15:29:44+00:00\",\"breadcrumb\":{\"@id\":\"https:\/\/carnavallublin.eu\/en\/wydarzenia\/la-bande-a-tyrex-fra\/#breadcrumb\"},\"inLanguage\":\"en-US\",\"potentialAction\":[{\"@type\":\"ReadAction\",\"target\":[\"https:\/\/carnavallublin.eu\/en\/wydarzenia\/la-bande-a-tyrex-fra\/\"]}]},{\"@type\":\"ImageObject\",\"inLanguage\":\"en-US\",\"@id\":\"https:\/\/carnavallublin.eu\/en\/wydarzenia\/la-bande-a-tyrex-fra\/#primaryimage\",\"url\":\"https:\/\/carnavallublin.eu\/wp-content\/uploads\/2026\/06\/La-Bande-a-Tyrex.jpg\",\"contentUrl\":\"https:\/\/carnavallublin.eu\/wp-content\/uploads\/2026\/06\/La-Bande-a-Tyrex.jpg\",\"width\":1920,\"height\":1080,\"caption\":\"10 os\u00f3b je\u017cdzi rowerami po dw\u00f3ch jednym.\"},{\"@type\":\"BreadcrumbList\",\"@id\":\"https:\/\/carnavallublin.eu\/en\/wydarzenia\/la-bande-a-tyrex-fra\/#breadcrumb\",\"itemListElement\":[{\"@type\":\"ListItem\",\"position\":1,\"name\":\"Strona g\u0142\u00f3wna\",\"item\":\"https:\/\/carnavallublin.eu\/en\/\"},{\"@type\":\"ListItem\",\"position\":2,\"name\":\"Events\",\"item\":\"https:\/\/carnavallublin.eu\/en\/wydarzenia\/\"},{\"@type\":\"ListItem\",\"position\":3,\"name\":\"Concert of La Bande \u00e0 Tyrex (FRA)\"}]},{\"@type\":\"WebSite\",\"@id\":\"https:\/\/carnavallublin.eu\/en\/#website\",\"url\":\"https:\/\/carnavallublin.eu\/en\/\",\"name\":\"Carnaval Sztukmistrz\u00f3w\",\"description\":\"\",\"publisher\":{\"@id\":\"https:\/\/carnavallublin.eu\/en\/#organization\"},\"potentialAction\":[{\"@type\":\"SearchAction\",\"target\":{\"@type\":\"EntryPoint\",\"urlTemplate\":\"https:\/\/carnavallublin.eu\/en\/?s={search_term_string}\"},\"query-input\":\"required name=search_term_string\"}],\"inLanguage\":\"en-US\"},{\"@type\":\"Organization\",\"@id\":\"https:\/\/carnavallublin.eu\/en\/#organization\",\"name\":\"Carnaval Sztukmistrz\u00f3w\",\"url\":\"https:\/\/carnavallublin.eu\/en\/\",\"logo\":{\"@type\":\"ImageObject\",\"inLanguage\":\"en-US\",\"@id\":\"https:\/\/carnavallublin.eu\/en\/#\/schema\/logo\/image\/\",\"url\":\"https:\/\/carnavallublin.eu\/wp-content\/uploads\/2022\/02\/logo_rgb_www.jpg\",\"contentUrl\":\"https:\/\/carnavallublin.eu\/wp-content\/uploads\/2022\/02\/logo_rgb_www.jpg\",\"width\":1181,\"height\":689,\"caption\":\"Carnaval Sztukmistrz\u00f3w\"},\"image\":{\"@id\":\"https:\/\/carnavallublin.eu\/en\/#\/schema\/logo\/image\/\"}}]}<\/script>\n<!-- \/ Yoast SEO plugin. -->","yoast_head_json":{"title":"Concert of La Bande \u00e0 Tyrex (FRA) - Carnaval Sztukmistrz\u00f3w","robots":{"index":"index","follow":"follow","max-snippet":"max-snippet:-1","max-image-preview":"max-image-preview:large","max-video-preview":"max-video-preview:-1"},"canonical":"https:\/\/carnavallublin.eu\/en\/wydarzenia\/la-bande-a-tyrex-fra\/","og_locale":"en_US","og_type":"article","og_title":"Concert of La Bande \u00e0 Tyrex (FRA) - Carnaval Sztukmistrz\u00f3w","og_description":"About La Bande \u00e0 Tyrex is a group that combines [&hellip;]","og_url":"https:\/\/carnavallublin.eu\/en\/wydarzenia\/la-bande-a-tyrex-fra\/","og_site_name":"Carnaval Sztukmistrz\u00f3w","article_modified_time":"2026-07-22T15:29:44+00:00","og_image":[{"width":1920,"height":1080,"url":"https:\/\/carnavallublin.eu\/wp-content\/uploads\/2026\/06\/La-Bande-a-Tyrex.jpg","type":"image\/jpeg"}],"twitter_card":"summary_large_image","twitter_misc":{"Est. reading time":"2 minutes"},"schema":{"@context":"https:\/\/schema.org","@graph":[{"@type":"WebPage","@id":"https:\/\/carnavallublin.eu\/en\/wydarzenia\/la-bande-a-tyrex-fra\/","url":"https:\/\/carnavallublin.eu\/en\/wydarzenia\/la-bande-a-tyrex-fra\/","name":"Concert of La Bande \u00e0 Tyrex (FRA) - Carnaval Sztukmistrz\u00f3w","isPartOf":{"@id":"https:\/\/carnavallublin.eu\/en\/#website"},"primaryImageOfPage":{"@id":"https:\/\/carnavallublin.eu\/en\/wydarzenia\/la-bande-a-tyrex-fra\/#primaryimage"},"image":{"@id":"https:\/\/carnavallublin.eu\/en\/wydarzenia\/la-bande-a-tyrex-fra\/#primaryimage"},"thumbnailUrl":"https:\/\/carnavallublin.eu\/wp-content\/uploads\/2026\/06\/La-Bande-a-Tyrex.jpg","datePublished":"2026-07-07T11:17:58+00:00","dateModified":"2026-07-22T15:29:44+00:00","breadcrumb":{"@id":"https:\/\/carnavallublin.eu\/en\/wydarzenia\/la-bande-a-tyrex-fra\/#breadcrumb"},"inLanguage":"en-US","potentialAction":[{"@type":"ReadAction","target":["https:\/\/carnavallublin.eu\/en\/wydarzenia\/la-bande-a-tyrex-fra\/"]}]},{"@type":"ImageObject","inLanguage":"en-US","@id":"https:\/\/carnavallublin.eu\/en\/wydarzenia\/la-bande-a-tyrex-fra\/#primaryimage","url":"https:\/\/carnavallublin.eu\/wp-content\/uploads\/2026\/06\/La-Bande-a-Tyrex.jpg","contentUrl":"https:\/\/carnavallublin.eu\/wp-content\/uploads\/2026\/06\/La-Bande-a-Tyrex.jpg","width":1920,"height":1080,"caption":"10 os\u00f3b je\u017cdzi rowerami po dw\u00f3ch jednym."},{"@type":"BreadcrumbList","@id":"https:\/\/carnavallublin.eu\/en\/wydarzenia\/la-bande-a-tyrex-fra\/#breadcrumb","itemListElement":[{"@type":"ListItem","position":1,"name":"Strona g\u0142\u00f3wna","item":"https:\/\/carnavallublin.eu\/en\/"},{"@type":"ListItem","position":2,"name":"Events","item":"https:\/\/carnavallublin.eu\/en\/wydarzenia\/"},{"@type":"ListItem","position":3,"name":"Concert of La Bande \u00e0 Tyrex (FRA)"}]},{"@type":"WebSite","@id":"https:\/\/carnavallublin.eu\/en\/#website","url":"https:\/\/carnavallublin.eu\/en\/","name":"Carnaval Sztukmistrz\u00f3w","description":"","publisher":{"@id":"https:\/\/carnavallublin.eu\/en\/#organization"},"potentialAction":[{"@type":"SearchAction","target":{"@type":"EntryPoint","urlTemplate":"https:\/\/carnavallublin.eu\/en\/?s={search_term_string}"},"query-input":"required name=search_term_string"}],"inLanguage":"en-US"},{"@type":"Organization","@id":"https:\/\/carnavallublin.eu\/en\/#organization","name":"Carnaval Sztukmistrz\u00f3w","url":"https:\/\/carnavallublin.eu\/en\/","logo":{"@type":"ImageObject","inLanguage":"en-US","@id":"https:\/\/carnavallublin.eu\/en\/#\/schema\/logo\/image\/","url":"https:\/\/carnavallublin.eu\/wp-content\/uploads\/2022\/02\/logo_rgb_www.jpg","contentUrl":"https:\/\/carnavallublin.eu\/wp-content\/uploads\/2022\/02\/logo_rgb_www.jpg","width":1181,"height":689,"caption":"Carnaval Sztukmistrz\u00f3w"},"image":{"@id":"https:\/\/carnavallublin.eu\/en\/#\/schema\/logo\/image\/"}}]}},"_links":{"self":[{"href":"https:\/\/carnavallublin.eu\/en\/wp-json\/wp\/v2\/mec-events\/12159"}],"collection":[{"href":"https:\/\/carnavallublin.eu\/en\/wp-json\/wp\/v2\/mec-events"}],"about":[{"href":"https:\/\/carnavallublin.eu\/en\/wp-json\/wp\/v2\/types\/mec-events"}],"author":[{"embeddable":true,"href":"https:\/\/carnavallublin.eu\/en\/wp-json\/wp\/v2\/users\/13"}],"replies":[{"embeddable":true,"href":"https:\/\/carnavallublin.eu\/en\/wp-json\/wp\/v2\/comments?post=12159"}],"wp:featuredmedia":[{"embeddable":true,"href":"https:\/\/carnavallublin.eu\/en\/wp-json\/wp\/v2\/media\/11565"}],"wp:attachment":[{"href":"https:\/\/carnavallublin.eu\/en\/wp-json\/wp\/v2\/media?parent=12159"}],"wp:term":[{"taxonomy":"post_tag","embeddable":true,"href":"https:\/\/carnavallublin.eu\/en\/wp-json\/wp\/v2\/tags?post=12159"},{"taxonomy":"wydarzenie_artysta","embeddable":true,"href":"https:\/\/carnavallublin.eu\/en\/wp-json\/wp\/v2\/wydarzenie_artysta?post=12159"},{"taxonomy":"wydarzenie_miejsce","embeddable":true,"href":"https:\/\/carnavallublin.eu\/en\/wp-json\/wp\/v2\/wydarzenie_miejsce?post=12159"},{"taxonomy":"wydarzenie_sztuka","embeddable":true,"href":"https:\/\/carnavallublin.eu\/en\/wp-json\/wp\/v2\/wydarzenie_sztuka?post=12159"},{"taxonomy":"wydarzenie_modul","embeddable":true,"href":"https:\/\/carnavallublin.eu\/en\/wp-json\/wp\/v2\/wydarzenie_modul?post=12159"},{"taxonomy":"wydarzenie_dzien","embeddable":true,"href":"https:\/\/carnavallublin.eu\/en\/wp-json\/wp\/v2\/wydarzenie_dzien?post=12159"},{"taxonomy":"edycja_carnavallublin","embeddable":true,"href":"https:\/\/carnavallublin.eu\/en\/wp-json\/wp\/v2\/edycja_carnavallublin?post=12159"},{"taxonomy":"mec_category","embeddable":true,"href":"https:\/\/carnavallublin.eu\/en\/wp-json\/wp\/v2\/mec_category?post=12159"}],"curies":[{"name":"wp","href":"https:\/\/api.w.org\/{rel}","templated":true}]}}